{"id":990,"date":"2026-02-06T13:46:25","date_gmt":"2026-02-06T12:46:25","guid":{"rendered":"https:\/\/avogtil.no\/lokalt\/?page_id=990"},"modified":"2026-03-31T12:17:14","modified_gmt":"2026-03-31T10:17:14","slug":"alkovettkonferansen-2026","status":"publish","type":"page","link":"https:\/\/avogtil.no\/lokalt\/alkovettkonferansen-2026\/","title":{"rendered":"Alkovettkonferansen 2026"},"content":{"rendered":"\t\n\n<div class=\"wp-block-columns alignwide are-vertically-aligned-center navigation-header is-layout-flex wp-container-core-columns-is-layout-28f84493 wp-block-columns-is-layout-flex\">\n\t\n\t<div class=\"wp-block-column is-vertically-aligned-center is-layout-flow wp-block-column-is-layout-flow\">\n\t\t<div class=\"yoast-breadcrumbs\"><span><span><a href=\"https:\/\/avogtil.no\/lokalt\/\">Hjem<\/a><\/span><\/span><\/div>\n\t<\/div>\n\t\n\t\n\t<div class=\"wp-block-column is-vertically-aligned-center is-layout-flow wp-block-column-is-layout-flow\">\n\t\t\n\t\t<div class=\"wp-block-group is-content-justification-right is-nowrap is-layout-flex wp-container-core-group-is-layout-17124a9a wp-block-group-is-layout-flex\">\n\t\t\t<div data-block-name=\"woocommerce\/customer-account\" data-icon-class=\"wc-block-customer-account__account-icon\" data-icon-style=\"line\" class='wp-block-woocommerce-customer-account ' style=''>\n\t\t\t<a  href='https:\/\/avogtil.no\/lokalt\/min-side\/'>\n\t\t\t\t<svg class=\"wc-block-customer-account__account-icon\" viewBox=\"1 1 29 29\" xmlns=\"http:\/\/www.w3.org\/2000\/svg\">\n\t\t\t\t<circle cx=\"16\" cy=\"10.5\" r=\"3.5\" stroke=\"currentColor\" stroke-width=\"2\" fill=\"none\" \/>\n\t\t\t\t<path fill-rule=\"evenodd\" clip-rule=\"evenodd\" d=\"M11.5 18.5H20.5C21.8807 18.5 23 19.6193 23 21V25.5H25V21C25 18.5147 22.9853 16.5 20.5 16.5H11.5C9.01472 16.5 7 18.5147 7 21V25.5H9V21C9 19.6193 10.1193 18.5 11.5 18.5Z\" fill=\"currentColor\" \/>\n\t\t\t<\/svg><span class=\"label\">Logg inn<\/span>\n\t\t\t<\/a>\n\t\t<\/div>\n\t\t\t<div data-block-name=\"woocommerce\/cart-link\" data-cart-icon=\"bag\" class=\"wp-block-woocommerce-cart-link\"><a class=\"wc-block-cart-link\" href=\"https:\/\/avogtil.no\/lokalt\/handlekurv\/\"><svg xmlns=\"http:\/\/www.w3.org\/2000\/svg\" fill=\"none\" class=\"wc-block-mini-cart__icon\" viewBox=\"0 0 32 32\"><path fill=\"currentColor\" fill-rule=\"evenodd\" d=\"M12.444 14.222a.89.89 0 0 1 .89.89 2.667 2.667 0 0 0 5.333 0 .889.889 0 1 1 1.777 0 4.444 4.444 0 1 1-8.888 0c0-.492.398-.89.888-.89M11.24 6.683a1 1 0 0 1 .76-.35h8a1 1 0 0 1 .76.35l4 4.666A1 1 0 0 1 24 13H8a1 1 0 0 1-.76-1.65zm1.22 1.65L10.174 11h11.652L19.54 8.333z\" clip-rule=\"evenodd\"\/><path fill=\"currentColor\" fill-rule=\"evenodd\" d=\"M7 12a1 1 0 0 1 1-1h16a1 1 0 0 1 1 1v13.333a1 1 0 0 1-1 1H8a1 1 0 0 1-1-1zm2 1v11.333h14V13z\" clip-rule=\"evenodd\"\/><\/svg><span class=\"wc-block-cart-link__text\">Handlekurv<\/span><\/a><\/div>\n\t\t<\/div>\n\t\t\n\t<\/div>\n\t\n<\/div>\n\n\n\t\n<h1 class=\"wp-block-heading\" id=\"h-alkovettkonferansen-2026\">Alkovettkonferansen 2026<\/h1>\n\n\n\n<p><strong><strong>Forskere, kommuneansatte, leger, statsvitere og komikere i skj\u00f8nn forening: tilbake st\u00e5r deltakere med faglig p\u00e5fyll, bredere nettverk og ny inspirasjon.<\/strong><\/strong><\/p>\n\n\n\n<figure class=\"wp-block-image alignfull size-large\"><img loading=\"lazy\" decoding=\"async\" width=\"1024\" height=\"683\" src=\"https:\/\/avogtil.no\/content\/uploads\/sites\/2\/2026\/03\/2003_0930_ChenMedia_@iamkaichen_AvOgTil-EK2025_Dag1_0030_web-1024x683.jpg\" alt=\"\" class=\"wp-image-23567\" srcset=\"https:\/\/avogtil.no\/content\/uploads\/sites\/2\/2026\/03\/2003_0930_ChenMedia_@iamkaichen_AvOgTil-EK2025_Dag1_0030_web-1024x683.jpg 1024w, https:\/\/avogtil.no\/content\/uploads\/sites\/2\/2026\/03\/2003_0930_ChenMedia_@iamkaichen_AvOgTil-EK2025_Dag1_0030_web-300x200.jpg 300w, https:\/\/avogtil.no\/content\/uploads\/sites\/2\/2026\/03\/2003_0930_ChenMedia_@iamkaichen_AvOgTil-EK2025_Dag1_0030_web-768x512.jpg 768w, https:\/\/avogtil.no\/content\/uploads\/sites\/2\/2026\/03\/2003_0930_ChenMedia_@iamkaichen_AvOgTil-EK2025_Dag1_0030_web-1536x1024.jpg 1536w, https:\/\/avogtil.no\/content\/uploads\/sites\/2\/2026\/03\/2003_0930_ChenMedia_@iamkaichen_AvOgTil-EK2025_Dag1_0030_web-600x400.jpg 600w, https:\/\/avogtil.no\/content\/uploads\/sites\/2\/2026\/03\/2003_0930_ChenMedia_@iamkaichen_AvOgTil-EK2025_Dag1_0030_web.jpg 2048w\" sizes=\"auto, (max-width: 1024px) 100vw, 1024px\" \/><\/figure>\n\n\n\n<p>\u2013 Det er dere kommunene, dere som er der ute, som er de viktigste hj\u00f8rnesteinene i norsk alkoholforebygging! Det er hos dere arbeidet g\u00e5r fra det teoretiske, til det praktiske. Arbeidet som skjer p\u00e5 bakken i kommunene er helt avgj\u00f8rende!<\/p>\n\n\n\n<p>Slik innledet Usman Ahmad Mushtaq, lege, \u00f8konom og statssekret\u00e6r i Helse- og omsorgsdepartementet, Alkovettkonferansen 2026. Han la lite imellom n\u00e5r han roste kommunenes viktige rolle i forebyggende arbeid.<\/p>\n\n\n<div class=\"t2-accordion is-style-pink-factbox is-style-pink-factbox wp-block-t2-accordion\" data-allow-multiple=\"1\" role=\"list\">\n<div class=\"t2-accordion-item wp-block-t2-accordion-item\" role=\"listitem\">\n\t\t\t<h2 class=\"t2-accordion-title\">\n\t\t\t\t<button type=\"button\" class=\"t2-accordion-trigger\" id=\"dette-er-alkovettkonferansen\" aria-controls=\"accordion-panel\" aria-expanded=\"false\">\n\t\t\t\t\tDette er Alkovettkonferansen\n\t\t\t\t\t<span class=\"t2-accordion-icon is-closed-icon\"><svg xmlns=\"http:\/\/www.w3.org\/2000\/svg\" viewBox=\"0 0 24 24\" height=\"24\" width=\"24\" class=\"t2-icon t2-icon-chevronup\" aria-hidden=\"true\" focusable=\"false\"><path d=\"M6.7 14.7c-.2-.2-.3-.4-.3-.7s.1-.5.3-.7l4.6-4.6c.1-.1.2-.2.3-.2.1 0 .2-.1.4-.1.1 0 .3 0 .4.1.1 0 .2.1.3.2l4.6 4.6c.2.2.3.4.3.7s-.1.5-.3.7c-.2.2-.4.3-.7.3s-.5-.1-.7-.3L12 10.8l-3.9 3.9c-.2.2-.4.3-.7.3s-.5-.1-.7-.3z\" fill=\"currentColor\" \/><\/svg><\/span>\n\t\t\t\t\t<span class=\"t2-accordion-icon is-open-icon\"><svg xmlns=\"http:\/\/www.w3.org\/2000\/svg\" viewBox=\"0 0 24 24\" height=\"24\" width=\"24\" class=\"t2-icon t2-icon-chevrondown\" aria-hidden=\"true\" focusable=\"false\"><path d=\"M12 14.9c-.1 0-.3 0-.4-.1-.1 0-.2-.1-.3-.2L6.7 10c-.2-.1-.3-.4-.3-.6 0-.3.1-.5.3-.7.2-.2.4-.3.7-.3s.5.1.7.3l3.9 3.9 3.9-3.9c.2-.2.4-.3.7-.3.3 0 .5.1.7.3.2.2.3.4.3.7s-.1.5-.3.7l-4.6 4.6c-.1.1-.2.2-.3.2H12z\" fill=\"currentColor\" \/><\/svg><\/span>\n\t\t\t\t<\/button>\n\t\t\t<\/h2>\n\t\t\t<div class=\"t2-accordion-item__inner-container is-layout-flow\" id=\"accordion-panel\" aria-labelledby=\"dette-er-alkovettkonferansen\" role=\"region\" hidden>\n\t\t\t\t\n\n<p>Hvert \u00e5r gjennomf\u00f8rer Av-og-til en konferanse for kommunene tilknyttet Av-og-til. Over de to konferansedagene sentralt i Oslo inviteres spennende foredragsholdere, relevante fagpersoner og Av-og-tils 70 samarbeidskommuner til kunnskapsl\u00f8ft, kunnskapsdeling og inspirasjon. M\u00e5let er \u00e5 f\u00e5 ny kunnskap og \u00e5 dele erfaringer om alkoholforebygging, og utgifter knyttet til konferansen dekkes av Av-og-til. If\u00f8lge Oslo Economics koster alkoholbruken samfunnet <a href=\"https:\/\/avogtil.no\/aktuelt\/alkoholbruken-var-koster-oss-dyrt\/\">100 milliarder kroner \u00e5rlig<\/a> \u2013 og i kommunene er det mye \u00e5 spare p\u00e5 forebygging.<\/p>\n\n\n\n<p>Typiske deltakere p\u00e5 konferansen er SLT-koordinatorer, folkehelsekoordinatorer, ledere og ansatte ved helsestasjoner i kommunen. Av-og-til oppfordrer til \u00e5 delta med opp til tre deltakere per kommune, slik at konferansen ogs\u00e5 blir et sted for intern planlegging og koordinering.<\/p>\n\n\n\n<p><a href=\"https:\/\/avogtil.no\/content\/uploads\/sites\/2\/2026\/03\/Program-Alkovettkonferansen-2026.pdf\">Programmet fra Alkovettkonferansen 2026 finner du her. <\/a><\/p>\n\n\n\t\t\t<\/div>\n\t\t<\/div>\n<\/div>\n\n\n<h2 class=\"wp-block-heading\" id=\"h-laerer-fra-andre-kommuner\">L\u00e6rer fra andre kommuner<\/h2>\n\n\n\n<p>\u2013 Jeg reiser fra konferansen veldig inspirert og synes jeg fikk godt med faglig p\u00e5fyll. Og deltakerne fra de andre kommunene var veldig hyggelige, im\u00f8tekommende og rause med \u00e5 dele av sine erfaringer, sier Anne Wivestad, r\u00e5dgiver i Helse og mestring stab i Kristiansand.<\/p>\n\n\n\n<p>Hun var en av over hundre oppm\u00f8tte til \u00e5rets Alkovettkonferanse.<\/p>\n\n\n\n<p>En annen var \u00d8yvind Skjelten, r\u00e5dgiver i \u00c5lesund kommune, avdeling N\u00e6rmilj\u00f8 og service:<\/p>\n\n\n\n<p>\u2013 Konferansen f\u00f8yer seg inn i rekken av flotte konferanser, og det er alltid en glede \u00e5 delta. Jeg opplevde programmet som godt sammensatt, og samtidig variert, med flere inspirerende foredragsholdere. Og s\u00e5 er det fint \u00e5 m\u00f8te folk fra andre kommuner og h\u00f8re om hvordan de jobber, sier Skjelten.<\/p>\n\n\n\n<p>\u2013 Det var spesielt nyttig \u00e5 f\u00e5 oppdateringer p\u00e5 forskning og tiltak fra kommuner som har lyktes i forebyggingsarbeidet sitt, og vi sitter igjen med nye ideer til hvordan vi kan styrke det forebyggende arbeidet v\u00e5rt i Stord kommune, sier milj\u00f8terapeutene Bodil Nesb\u00f8 og Jostein \u00d8gard.&nbsp;<\/p>\n\n\n\n<h2 class=\"wp-block-heading\" id=\"h-viktig-bevisstgjoring\">\u2013 Viktig bevisstgj\u00f8ring<\/h2>\n\n\n\n<p>Under de to dagene p\u00e5 Thon Hotel Storo fikk deltakerne v\u00e6re med p\u00e5 et fullspekket program.<\/p>\n\n\n\n<p>Blant postene var gode eksempler p\u00e5 forebygging i Melhus og B\u00f8mlo, Amedia om lokalavisens posisjon i demokratiet, rapportren \u00ab<a href=\"https:\/\/avogtil.no\/barna-som-ble-pavirket\/\">Barna som ble p\u00e5virket<\/a>\u00bb, samtale med Ly og overlege og seksjonsleder i barne- og ungdomspsykiatri Paul Joachim Bloch Thorsen, Jens Nordahl fra Vinmonopolet sine sp\u00e5dommer for fremtidens alkoholvaner, og Elin Bye fra FHI om hvordan vi nordmenn drikker.<\/p>\n\n\n\n<p>\u2013&nbsp; Jeg vil ogs\u00e5 trekke fram forfatter Niels Christian Geelmuydens innlegg om hva vi har i glasset, og Tommy Sj\u00e5fjell fra KORUS om alkoholfrie arenaer som spesielt interessante, sier Skjelten.<\/p>\n\n\n\n<p>Han f\u00e5r st\u00f8tte av Elin Vinvand Evensen, systemkoordinator IP i Ris\u00f8r kommune:<\/p>\n\n\n\n<p>\u2013 Innlegget til Tommy i KORUS minnet oss om hvordan stadig flere m\u00f8teplasser kan oppleves som ekskluderende for dem som av ulike \u00e5rsaker ikke \u00f8nsker \u00e5 drikke. Denne bevisstgj\u00f8ringen er viktig for oss alle, ogs\u00e5 med tanke p\u00e5 kommunens egne m\u00f8teplasser, der vi gjennom bevillinger og planverk faktisk kan p\u00e5virke og sikre mer inkluderende rammer.<\/p>\n\n\n\n<h2 class=\"wp-block-heading\" id=\"h-kinovisning-gjorde-dypt-inntrykk\">Kinovisning gjorde dypt inntrykk<\/h2>\n\n\n\n<p>I en nesten fullsatt kinosal ble ogs\u00e5 filmen \u00ab<a href=\"https:\/\/www.norskfilmdistribusjon.no\/flophouse-america\" type=\"link\" id=\"https:\/\/www.norskfilmdistribusjon.no\/flophouse-america\" target=\"_blank\" rel=\"noreferrer noopener\">Flophouse America<\/a>\u00bb vist etter at programmet var ferdig p\u00e5 konferansens f\u00f8rste dag, som en utvidet del av programmet for de som \u00f8nsket.\u00a0\u00a0<\/p>\n\n\n\n<p>\u2013 Den gjorde et dypt inntrykk, understreker Skjelten i \u00c5lesund.<\/p>\n\n\n\n<p>\u2013 Jeg synes det er flott at det blir lagt opp til at vi f\u00e5r knytte kontakter p\u00e5 tvers av Av-og-til-kommunene, og at det legges til rette for felles middag og kino, sier SLT-koordinator John Henrik Staveland S\u00e6ter i B\u00f8mlo kommune.<\/p>\n\n\n\n<p>Programmet ble avsluttet med siddisene i Psykodrama, Per Kjerstad og Olec Ertvaag, hvor f\u00f8rstnevnte benyttet anledningen til \u00e5 snakke om sine egne livslange utfordringer med alkohol. \u00abWhen in Rome\u00bb, understreket skuespiller Kjerstad.<\/p>\n\n\n\n<p>\u2013 \u00c5rets deltakerkommuner, foredragsholdere og underholdere bidro til \u00e5 gj\u00f8re \u00e5rets Alkovettkonferanse til et engasjerende sted \u00e5 v\u00e6re, og jeg tror flere opplevde styrken i \u00e5 v\u00e6re sammen. Vi gleder oss allerede til neste \u00e5r, sier Ragnhild Kaski, generalsekret\u00e6r i Av-og-til.&nbsp;<\/p>\n\n\n\n<p><em>Se film fra fjor\u00e5rets konferanse her:<\/em><\/p>\n\n\n\n<figure class=\"wp-block-video\"><video controls src=\"https:\/\/avogtil.no\/content\/uploads\/sites\/2\/2026\/01\/Av-og-til-Energikonferansen-2025_Recap_FINAL_2-16x9_web_1080p.mp4\"><\/video><\/figure>\n\n\n\n<div class=\"wp-block-cover alignwide is-light\" style=\"min-height:248px;aspect-ratio:unset;\"><span aria-hidden=\"true\" class=\"wp-block-cover__background has-blue-light-background-color has-background-dim-100 has-background-dim\"><\/span><div class=\"wp-block-cover__inner-container has-global-padding is-layout-constrained wp-block-cover-is-layout-constrained\">\n<p class=\"has-text-align-center has-blue-color has-text-color has-link-color has-md-font-size wp-elements-a6bb475ed84bfefa78c4cefe77ffc2d4\">Bli en Av-og-til-kommune og f\u00e5 ekstra ressurser til \u00e5 drive alkoholforebygging lokalt! <\/p>\n\n\n\n<div class=\"wp-block-buttons is-content-justification-center is-layout-flex wp-container-core-buttons-is-layout-a89b3969 wp-block-buttons-is-layout-flex\">\n<div class=\"wp-block-button is-style-fancy\"><a class=\"wp-block-button__link wp-element-button\" href=\"https:\/\/avogtil.no\/lokalt\/for-kommuner\/bli-en-av-og-til-kommune\/\">F\u00e5 mer informasjon her<\/a><\/div>\n<\/div>\n<\/div><\/div>\n\n\n\n<p><\/p>\n","protected":false},"excerpt":{"rendered":"<p>Hjem Logg inn Handlekurv Alkovettkonferansen 2026 Forskere, kommuneansatte, leger, statsvitere og komikere i skj\u00f8nn forening: tilbake st\u00e5r deltakere med faglig [&hellip;]<\/p>\n","protected":false},"author":10,"featured_media":23567,"parent":0,"menu_order":0,"comment_status":"closed","ping_status":"closed","template":"","meta":{"_acf_changed":false,"t2_hide_was_this_helpful":true,"page_is_public":true,"footnotes":""},"class_list":["post-990","page","type-page","status-publish","has-post-thumbnail","hentry"],"acf":[],"yoast_head":"<!-- This site is optimized with the Yoast SEO Premium plugin v26.9 (Yoast SEO v26.9) - https:\/\/yoast.com\/product\/yoast-seo-premium-wordpress\/ -->\n<title>Alkovettkonferansen 2026 - Av-og-til lokalt<\/title>\n<meta name=\"robots\" content=\"index, follow, max-snippet:-1, max-image-preview:large, max-video-preview:-1\" \/>\n<link rel=\"canonical\" href=\"https:\/\/avogtil.no\/lokalt\/alkovettkonferansen-2026\/\" \/>\n<meta property=\"og:locale\" content=\"nb_NO\" \/>\n<meta property=\"og:type\" content=\"article\" \/>\n<meta property=\"og:title\" content=\"Alkovettkonferansen 2026\" \/>\n<meta property=\"og:description\" content=\"Hjem Logg inn Handlekurv Alkovettkonferansen 2026 Forskere, kommuneansatte, leger, statsvitere og komikere i skj\u00f8nn forening: tilbake st\u00e5r deltakere med faglig [&hellip;]\" \/>\n<meta property=\"og:url\" content=\"https:\/\/avogtil.no\/lokalt\/alkovettkonferansen-2026\/\" \/>\n<meta property=\"og:site_name\" content=\"Av-og-til lokalt\" \/>\n<meta property=\"article:modified_time\" content=\"2026-03-31T10:17:14+00:00\" \/>\n<meta property=\"og:image\" content=\"https:\/\/avogtil.no\/content\/uploads\/sites\/2\/2026\/03\/2003_0930_ChenMedia_@iamkaichen_AvOgTil-EK2025_Dag1_0030_web.jpg\" \/>\n\t<meta property=\"og:image:width\" content=\"2048\" \/>\n\t<meta property=\"og:image:height\" content=\"1365\" \/>\n\t<meta property=\"og:image:type\" content=\"image\/jpeg\" \/>\n<meta name=\"twitter:card\" content=\"summary_large_image\" \/>\n<meta name=\"twitter:label1\" content=\"Ansl. lesetid\" \/>\n\t<meta name=\"twitter:data1\" content=\"1 minutt\" \/>\n<script type=\"application\/ld+json\" class=\"yoast-schema-graph\">{\"@context\":\"https:\/\/schema.org\",\"@graph\":[{\"@type\":\"WebPage\",\"@id\":\"https:\/\/avogtil.no\/lokalt\/alkovettkonferansen-2026\/\",\"url\":\"https:\/\/avogtil.no\/lokalt\/alkovettkonferansen-2026\/\",\"name\":\"Alkovettkonferansen 2026 - Av-og-til lokalt\",\"isPartOf\":{\"@id\":\"https:\/\/avogtil.no\/lokalt\/#website\"},\"primaryImageOfPage\":{\"@id\":\"https:\/\/avogtil.no\/lokalt\/alkovettkonferansen-2026\/#primaryimage\"},\"image\":{\"@id\":\"https:\/\/avogtil.no\/lokalt\/alkovettkonferansen-2026\/#primaryimage\"},\"thumbnailUrl\":\"https:\/\/avogtil.no\/content\/uploads\/sites\/2\/2026\/03\/2003_0930_ChenMedia_@iamkaichen_AvOgTil-EK2025_Dag1_0030_web.jpg\",\"datePublished\":\"2026-02-06T12:46:25+00:00\",\"dateModified\":\"2026-03-31T10:17:14+00:00\",\"breadcrumb\":{\"@id\":\"https:\/\/avogtil.no\/lokalt\/alkovettkonferansen-2026\/#breadcrumb\"},\"inLanguage\":\"nb-NO\",\"potentialAction\":[{\"@type\":\"ReadAction\",\"target\":[\"https:\/\/avogtil.no\/lokalt\/alkovettkonferansen-2026\/\"]}]},{\"@type\":\"ImageObject\",\"inLanguage\":\"nb-NO\",\"@id\":\"https:\/\/avogtil.no\/lokalt\/alkovettkonferansen-2026\/#primaryimage\",\"url\":\"https:\/\/avogtil.no\/content\/uploads\/sites\/2\/2026\/03\/2003_0930_ChenMedia_@iamkaichen_AvOgTil-EK2025_Dag1_0030_web.jpg\",\"contentUrl\":\"https:\/\/avogtil.no\/content\/uploads\/sites\/2\/2026\/03\/2003_0930_ChenMedia_@iamkaichen_AvOgTil-EK2025_Dag1_0030_web.jpg\",\"width\":2048,\"height\":1365,\"caption\":\"Photo by Kai Chen \/ Chen Media\"},{\"@type\":\"BreadcrumbList\",\"@id\":\"https:\/\/avogtil.no\/lokalt\/alkovettkonferansen-2026\/#breadcrumb\",\"itemListElement\":[{\"@type\":\"ListItem\",\"position\":1,\"name\":\"Hjem\",\"item\":\"https:\/\/avogtil.no\/lokalt\/\"},{\"@type\":\"ListItem\",\"position\":2,\"name\":\"Alkovettkonferansen 2026\"}]},{\"@type\":\"WebSite\",\"@id\":\"https:\/\/avogtil.no\/lokalt\/#website\",\"url\":\"https:\/\/avogtil.no\/lokalt\/\",\"name\":\"Avogtil nettbutikk\",\"description\":\"\",\"publisher\":{\"@id\":\"https:\/\/avogtil.no\/lokalt\/#organization\"},\"potentialAction\":[{\"@type\":\"SearchAction\",\"target\":{\"@type\":\"EntryPoint\",\"urlTemplate\":\"https:\/\/avogtil.no\/lokalt\/?s={search_term_string}\"},\"query-input\":{\"@type\":\"PropertyValueSpecification\",\"valueRequired\":true,\"valueName\":\"search_term_string\"}}],\"inLanguage\":\"nb-NO\"},{\"@type\":\"Organization\",\"@id\":\"https:\/\/avogtil.no\/lokalt\/#organization\",\"name\":\"Avogtil nettbutikk\",\"url\":\"https:\/\/avogtil.no\/lokalt\/\",\"logo\":{\"@type\":\"ImageObject\",\"inLanguage\":\"nb-NO\",\"@id\":\"https:\/\/avogtil.no\/lokalt\/#\/schema\/logo\/image\/\",\"url\":\"https:\/\/avogtil.no\/content\/uploads\/sites\/2\/2025\/10\/avogtil-logo.svg\",\"contentUrl\":\"https:\/\/avogtil.no\/content\/uploads\/sites\/2\/2025\/10\/avogtil-logo.svg\",\"caption\":\"Avogtil nettbutikk\"},\"image\":{\"@id\":\"https:\/\/avogtil.no\/lokalt\/#\/schema\/logo\/image\/\"}}]}<\/script>\n<!-- \/ Yoast SEO Premium plugin. -->","yoast_head_json":{"title":"Alkovettkonferansen 2026 - Av-og-til lokalt","robots":{"index":"index","follow":"follow","max-snippet":"max-snippet:-1","max-image-preview":"max-image-preview:large","max-video-preview":"max-video-preview:-1"},"canonical":"https:\/\/avogtil.no\/lokalt\/alkovettkonferansen-2026\/","og_locale":"nb_NO","og_type":"article","og_title":"Alkovettkonferansen 2026","og_description":"Hjem Logg inn Handlekurv Alkovettkonferansen 2026 Forskere, kommuneansatte, leger, statsvitere og komikere i skj\u00f8nn forening: tilbake st\u00e5r deltakere med faglig [&hellip;]","og_url":"https:\/\/avogtil.no\/lokalt\/alkovettkonferansen-2026\/","og_site_name":"Av-og-til lokalt","article_modified_time":"2026-03-31T10:17:14+00:00","og_image":[{"width":2048,"height":1365,"url":"https:\/\/avogtil.no\/content\/uploads\/sites\/2\/2026\/03\/2003_0930_ChenMedia_@iamkaichen_AvOgTil-EK2025_Dag1_0030_web.jpg","type":"image\/jpeg"}],"twitter_card":"summary_large_image","twitter_misc":{"Ansl. lesetid":"1 minutt"},"schema":{"@context":"https:\/\/schema.org","@graph":[{"@type":"WebPage","@id":"https:\/\/avogtil.no\/lokalt\/alkovettkonferansen-2026\/","url":"https:\/\/avogtil.no\/lokalt\/alkovettkonferansen-2026\/","name":"Alkovettkonferansen 2026 - Av-og-til lokalt","isPartOf":{"@id":"https:\/\/avogtil.no\/lokalt\/#website"},"primaryImageOfPage":{"@id":"https:\/\/avogtil.no\/lokalt\/alkovettkonferansen-2026\/#primaryimage"},"image":{"@id":"https:\/\/avogtil.no\/lokalt\/alkovettkonferansen-2026\/#primaryimage"},"thumbnailUrl":"https:\/\/avogtil.no\/content\/uploads\/sites\/2\/2026\/03\/2003_0930_ChenMedia_@iamkaichen_AvOgTil-EK2025_Dag1_0030_web.jpg","datePublished":"2026-02-06T12:46:25+00:00","dateModified":"2026-03-31T10:17:14+00:00","breadcrumb":{"@id":"https:\/\/avogtil.no\/lokalt\/alkovettkonferansen-2026\/#breadcrumb"},"inLanguage":"nb-NO","potentialAction":[{"@type":"ReadAction","target":["https:\/\/avogtil.no\/lokalt\/alkovettkonferansen-2026\/"]}]},{"@type":"ImageObject","inLanguage":"nb-NO","@id":"https:\/\/avogtil.no\/lokalt\/alkovettkonferansen-2026\/#primaryimage","url":"https:\/\/avogtil.no\/content\/uploads\/sites\/2\/2026\/03\/2003_0930_ChenMedia_@iamkaichen_AvOgTil-EK2025_Dag1_0030_web.jpg","contentUrl":"https:\/\/avogtil.no\/content\/uploads\/sites\/2\/2026\/03\/2003_0930_ChenMedia_@iamkaichen_AvOgTil-EK2025_Dag1_0030_web.jpg","width":2048,"height":1365,"caption":"Photo by Kai Chen \/ Chen Media"},{"@type":"BreadcrumbList","@id":"https:\/\/avogtil.no\/lokalt\/alkovettkonferansen-2026\/#breadcrumb","itemListElement":[{"@type":"ListItem","position":1,"name":"Hjem","item":"https:\/\/avogtil.no\/lokalt\/"},{"@type":"ListItem","position":2,"name":"Alkovettkonferansen 2026"}]},{"@type":"WebSite","@id":"https:\/\/avogtil.no\/lokalt\/#website","url":"https:\/\/avogtil.no\/lokalt\/","name":"Avogtil nettbutikk","description":"","publisher":{"@id":"https:\/\/avogtil.no\/lokalt\/#organization"},"potentialAction":[{"@type":"SearchAction","target":{"@type":"EntryPoint","urlTemplate":"https:\/\/avogtil.no\/lokalt\/?s={search_term_string}"},"query-input":{"@type":"PropertyValueSpecification","valueRequired":true,"valueName":"search_term_string"}}],"inLanguage":"nb-NO"},{"@type":"Organization","@id":"https:\/\/avogtil.no\/lokalt\/#organization","name":"Avogtil nettbutikk","url":"https:\/\/avogtil.no\/lokalt\/","logo":{"@type":"ImageObject","inLanguage":"nb-NO","@id":"https:\/\/avogtil.no\/lokalt\/#\/schema\/logo\/image\/","url":"https:\/\/avogtil.no\/content\/uploads\/sites\/2\/2025\/10\/avogtil-logo.svg","contentUrl":"https:\/\/avogtil.no\/content\/uploads\/sites\/2\/2025\/10\/avogtil-logo.svg","caption":"Avogtil nettbutikk"},"image":{"@id":"https:\/\/avogtil.no\/lokalt\/#\/schema\/logo\/image\/"}}]}},"_links":{"self":[{"href":"https:\/\/avogtil.no\/lokalt\/wp-json\/wp\/v2\/pages\/990","targetHints":{"allow":["GET"]}}],"collection":[{"href":"https:\/\/avogtil.no\/lokalt\/wp-json\/wp\/v2\/pages"}],"about":[{"href":"https:\/\/avogtil.no\/lokalt\/wp-json\/wp\/v2\/types\/page"}],"author":[{"embeddable":true,"href":"https:\/\/avogtil.no\/lokalt\/wp-json\/wp\/v2\/users\/10"}],"replies":[{"embeddable":true,"href":"https:\/\/avogtil.no\/lokalt\/wp-json\/wp\/v2\/comments?post=990"}],"version-history":[{"count":3,"href":"https:\/\/avogtil.no\/lokalt\/wp-json\/wp\/v2\/pages\/990\/revisions"}],"predecessor-version":[{"id":24156,"href":"https:\/\/avogtil.no\/lokalt\/wp-json\/wp\/v2\/pages\/990\/revisions\/24156"}],"wp:featuredmedia":[{"embeddable":true,"href":"https:\/\/avogtil.no\/lokalt\/wp-json\/wp\/v2\/media\/23567"}],"wp:attachment":[{"href":"https:\/\/avogtil.no\/lokalt\/wp-json\/wp\/v2\/media?parent=990"}],"curies":[{"name":"wp","href":"https:\/\/api.w.org\/{rel}","templated":true}]}}