{"id":987,"date":"2026-02-06T13:43:39","date_gmt":"2026-02-06T12:43:39","guid":{"rendered":"https:\/\/avogtil.no\/lokalt\/?page_id=987"},"modified":"2026-03-09T00:40:16","modified_gmt":"2026-03-08T23:40:16","slug":"baerum-og-tysvaer","status":"publish","type":"page","link":"https:\/\/avogtil.no\/lokalt\/baerum-og-tysvaer\/","title":{"rendered":"\u2013 Det er lett \u00e5 f\u00e5 ja n\u00e5r vi sp\u00f8r!"},"content":{"rendered":"\t\n\n<div class=\"wp-block-columns alignwide are-vertically-aligned-center navigation-header is-layout-flex wp-container-core-columns-is-layout-28f84493 wp-block-columns-is-layout-flex\">\n\t\n\t<div class=\"wp-block-column is-vertically-aligned-center is-layout-flow wp-block-column-is-layout-flow\">\n\t\t<div class=\"yoast-breadcrumbs\"><span><span><a href=\"https:\/\/avogtil.no\/lokalt\/\">Hjem<\/a><\/span><\/span><\/div>\n\t<\/div>\n\t\n\t\n\t<div class=\"wp-block-column is-vertically-aligned-center is-layout-flow wp-block-column-is-layout-flow\">\n\t\t\n\t\t<div class=\"wp-block-group is-content-justification-right is-nowrap is-layout-flex wp-container-core-group-is-layout-17124a9a wp-block-group-is-layout-flex\">\n\t\t\t<div data-block-name=\"woocommerce\/customer-account\" data-icon-class=\"wc-block-customer-account__account-icon\" data-icon-style=\"line\" class='wp-block-woocommerce-customer-account ' style=''>\n\t\t\t<a  href='https:\/\/avogtil.no\/lokalt\/min-side\/'>\n\t\t\t\t<svg class=\"wc-block-customer-account__account-icon\" viewBox=\"1 1 29 29\" xmlns=\"http:\/\/www.w3.org\/2000\/svg\">\n\t\t\t\t<circle cx=\"16\" cy=\"10.5\" r=\"3.5\" stroke=\"currentColor\" stroke-width=\"2\" fill=\"none\" \/>\n\t\t\t\t<path fill-rule=\"evenodd\" clip-rule=\"evenodd\" d=\"M11.5 18.5H20.5C21.8807 18.5 23 19.6193 23 21V25.5H25V21C25 18.5147 22.9853 16.5 20.5 16.5H11.5C9.01472 16.5 7 18.5147 7 21V25.5H9V21C9 19.6193 10.1193 18.5 11.5 18.5Z\" fill=\"currentColor\" \/>\n\t\t\t<\/svg><span class=\"label\">Logg inn<\/span>\n\t\t\t<\/a>\n\t\t<\/div>\n\t\t\t<div data-block-name=\"woocommerce\/cart-link\" data-cart-icon=\"bag\" class=\"wp-block-woocommerce-cart-link\"><a class=\"wc-block-cart-link\" href=\"https:\/\/avogtil.no\/lokalt\/handlekurv\/\"><svg xmlns=\"http:\/\/www.w3.org\/2000\/svg\" fill=\"none\" class=\"wc-block-mini-cart__icon\" viewBox=\"0 0 32 32\"><path fill=\"currentColor\" fill-rule=\"evenodd\" d=\"M12.444 14.222a.89.89 0 0 1 .89.89 2.667 2.667 0 0 0 5.333 0 .889.889 0 1 1 1.777 0 4.444 4.444 0 1 1-8.888 0c0-.492.398-.89.888-.89M11.24 6.683a1 1 0 0 1 .76-.35h8a1 1 0 0 1 .76.35l4 4.666A1 1 0 0 1 24 13H8a1 1 0 0 1-.76-1.65zm1.22 1.65L10.174 11h11.652L19.54 8.333z\" clip-rule=\"evenodd\"\/><path fill=\"currentColor\" fill-rule=\"evenodd\" d=\"M7 12a1 1 0 0 1 1-1h16a1 1 0 0 1 1 1v13.333a1 1 0 0 1-1 1H8a1 1 0 0 1-1-1zm2 1v11.333h14V13z\" clip-rule=\"evenodd\"\/><\/svg><span class=\"wc-block-cart-link__text\">Handlekurv<\/span><\/a><\/div>\n\t\t<\/div>\n\t\t\n\t<\/div>\n\t\n<\/div>\n\n\n\t\n<h1 class=\"wp-block-heading\" id=\"h-det-er-lett-a-fa-ja-nar-vi-spor\">\u2013 Det er lett \u00e5 f\u00e5 ja n\u00e5r vi sp\u00f8r!<\/h1>\n\n\n\n<p><strong>Store forskjeller i innbyggertall til tross, Tysv\u00e6r og B\u00e6rum kommune er enige om at samarbeidet med Av-og-til gj\u00f8r alkoholforebygging lettere, og morsommere.&nbsp;&nbsp;<\/strong>&nbsp;<\/p>\n\n\n\n<figure class=\"wp-block-image size-large\"><img loading=\"lazy\" decoding=\"async\" width=\"1024\" height=\"768\" src=\"https:\/\/avogtil.no\/content\/uploads\/sites\/2\/2026\/03\/Stand-for-godt-alkovett-i-Tysvaer-1024x768.jpg\" alt=\"\" class=\"wp-image-23561\" srcset=\"https:\/\/avogtil.no\/content\/uploads\/sites\/2\/2026\/03\/Stand-for-godt-alkovett-i-Tysvaer-1024x768.jpg 1024w, https:\/\/avogtil.no\/content\/uploads\/sites\/2\/2026\/03\/Stand-for-godt-alkovett-i-Tysvaer-300x225.jpg 300w, https:\/\/avogtil.no\/content\/uploads\/sites\/2\/2026\/03\/Stand-for-godt-alkovett-i-Tysvaer-768x576.jpg 768w, https:\/\/avogtil.no\/content\/uploads\/sites\/2\/2026\/03\/Stand-for-godt-alkovett-i-Tysvaer-1536x1152.jpg 1536w, https:\/\/avogtil.no\/content\/uploads\/sites\/2\/2026\/03\/Stand-for-godt-alkovett-i-Tysvaer-600x450.jpg 600w, https:\/\/avogtil.no\/content\/uploads\/sites\/2\/2026\/03\/Stand-for-godt-alkovett-i-Tysvaer.jpg 1920w\" sizes=\"auto, (max-width: 1024px) 100vw, 1024px\" \/><figcaption class=\"wp-element-caption\">Det er god stemning n\u00e5r folkene i Tysv\u00e6r st\u00e5r p\u00e5 stand! Her er temaet Klar for sj\u00f8en.<\/figcaption><\/figure>\n\n\n\n<p>\u2013 De siste 11 \u00e5rene har vi f\u00e5tt til utrolig mye som jeg ikke er sikker p\u00e5 om vi ville klart alene. Vi har f\u00e5tt mer oppmerksomhet rundt temaet p\u00e5 helsestasjoner, samarbeidstiltak med andre kommuner, fagdager for ledere og ansatte og bedrifter i kommunen om alkohol i arbeidslivet og vi har delt ut hundrevis av goodiebags til b\u00e5tfolk ved sj\u00f8en, sier Ann-Kristin Berge Dahle.<\/p>\n\n\n\n<p>Dahle er koordinator for samfunnsutvikling og folkehelse i Av-og-til-kommunen Tysv\u00e6r, og stolt over hvilke resultater samarbeidet med Av-og-til har gitt.&nbsp;<\/p>\n\n\n\n<p>\u2013 Og s\u00e5 er det lett \u00e5 ta kontakt n\u00e5r vi trenger bistand eller st\u00f8tte, og det er lett \u00e5 f\u00e5 et \u00abja\u00bb n\u00e5r vi sp\u00f8r. Av-og-til har mange nyttige ressurser og verkt\u00f8y som vi kan bruke lokalt, for eksempel p\u00e5 stand eller i kampanjer p\u00e5 ulike tema.<\/p>\n\n\n\n<p><strong>Se bilder fra signering av ny avtale mellom Av-og-til og Tysv\u00e6r kommune: <\/strong><\/p>\n\n\n\n\t\t<div class=\"is-default-variation dk-lib--carousel-wrapper-block wp-block-dekode-library-carousel-wrapper\" >\n\t\t\t<div class=\"carousel-wrapper swiper\" data-swiper-settings=\"{&quot;loop&quot;:true,&quot;speed&quot;:300,&quot;autoHeight&quot;:true}\">\n\t\t\t\t<div class=\"swiper-wrapper\">\n\t\t\t\t\t\n\n\t\t<div class=\"carousel-wrapper--slide swiper-slide wp-block-carousel-wrapper-slide\">\n\t\t\t<div class=\"carousel-wrapper--slide__blocks\">\n\t\t\t\t\n\n<figure class=\"wp-block-image size-large\"><img loading=\"lazy\" decoding=\"async\" width=\"1024\" height=\"576\" src=\"https:\/\/avogtil.no\/content\/uploads\/sites\/2\/2026\/03\/Prosjektgruppa-av-og-til-2025-1024x576.jpg\" alt=\"\" class=\"wp-image-23545\" srcset=\"https:\/\/avogtil.no\/content\/uploads\/sites\/2\/2026\/03\/Prosjektgruppa-av-og-til-2025-1024x576.jpg 1024w, https:\/\/avogtil.no\/content\/uploads\/sites\/2\/2026\/03\/Prosjektgruppa-av-og-til-2025-300x169.jpg 300w, https:\/\/avogtil.no\/content\/uploads\/sites\/2\/2026\/03\/Prosjektgruppa-av-og-til-2025-768x432.jpg 768w, https:\/\/avogtil.no\/content\/uploads\/sites\/2\/2026\/03\/Prosjektgruppa-av-og-til-2025-600x338.jpg 600w, https:\/\/avogtil.no\/content\/uploads\/sites\/2\/2026\/03\/Prosjektgruppa-av-og-til-2025.jpg 1280w\" sizes=\"auto, (max-width: 1024px) 100vw, 1024px\" \/><\/figure>\n\n\n\t\t\t<\/div>\n\t\t<\/div>\n\n\n\t\t<div class=\"carousel-wrapper--slide swiper-slide wp-block-carousel-wrapper-slide\">\n\t\t\t<div class=\"carousel-wrapper--slide__blocks\">\n\t\t\t\t\n\n<figure class=\"wp-block-image size-large\"><img loading=\"lazy\" decoding=\"async\" width=\"1024\" height=\"576\" src=\"https:\/\/avogtil.no\/content\/uploads\/sites\/2\/2026\/03\/Signering-av-og-til-2025-1024x576.jpg\" alt=\"\" class=\"wp-image-23540\" srcset=\"https:\/\/avogtil.no\/content\/uploads\/sites\/2\/2026\/03\/Signering-av-og-til-2025-1024x576.jpg 1024w, https:\/\/avogtil.no\/content\/uploads\/sites\/2\/2026\/03\/Signering-av-og-til-2025-300x169.jpg 300w, https:\/\/avogtil.no\/content\/uploads\/sites\/2\/2026\/03\/Signering-av-og-til-2025-768x432.jpg 768w, https:\/\/avogtil.no\/content\/uploads\/sites\/2\/2026\/03\/Signering-av-og-til-2025-600x338.jpg 600w, https:\/\/avogtil.no\/content\/uploads\/sites\/2\/2026\/03\/Signering-av-og-til-2025.jpg 1280w\" sizes=\"auto, (max-width: 1024px) 100vw, 1024px\" \/><\/figure>\n\n\n\t\t\t<\/div>\n\t\t<\/div>\n\n\n\t\t<div class=\"carousel-wrapper--slide swiper-slide wp-block-carousel-wrapper-slide\">\n\t\t\t<div class=\"carousel-wrapper--slide__blocks\">\n\t\t\t\t\n\n<figure class=\"wp-block-image size-large\"><img loading=\"lazy\" decoding=\"async\" width=\"1024\" height=\"725\" src=\"https:\/\/avogtil.no\/content\/uploads\/sites\/2\/2026\/03\/Workshop-1024x725.jpg\" alt=\"\" class=\"wp-image-23546\" srcset=\"https:\/\/avogtil.no\/content\/uploads\/sites\/2\/2026\/03\/Workshop-1024x725.jpg 1024w, https:\/\/avogtil.no\/content\/uploads\/sites\/2\/2026\/03\/Workshop-300x213.jpg 300w, https:\/\/avogtil.no\/content\/uploads\/sites\/2\/2026\/03\/Workshop-768x544.jpg 768w, https:\/\/avogtil.no\/content\/uploads\/sites\/2\/2026\/03\/Workshop-1536x1088.jpg 1536w, https:\/\/avogtil.no\/content\/uploads\/sites\/2\/2026\/03\/Workshop-2048x1451.jpg 2048w, https:\/\/avogtil.no\/content\/uploads\/sites\/2\/2026\/03\/Workshop-600x425.jpg 600w\" sizes=\"auto, (max-width: 1024px) 100vw, 1024px\" \/><\/figure>\n\n\n\t\t\t<\/div>\n\t\t<\/div>\n\n\n\t\t<div class=\"carousel-wrapper--slide swiper-slide wp-block-carousel-wrapper-slide\">\n\t\t\t<div class=\"carousel-wrapper--slide__blocks\">\n\t\t\t\t\n\n<figure class=\"wp-block-image size-large\"><img loading=\"lazy\" decoding=\"async\" width=\"768\" height=\"1024\" src=\"https:\/\/avogtil.no\/content\/uploads\/sites\/2\/2026\/03\/Kake-768x1024.jpg\" alt=\"\" class=\"wp-image-23547\" srcset=\"https:\/\/avogtil.no\/content\/uploads\/sites\/2\/2026\/03\/Kake-768x1024.jpg 768w, https:\/\/avogtil.no\/content\/uploads\/sites\/2\/2026\/03\/Kake-225x300.jpg 225w, https:\/\/avogtil.no\/content\/uploads\/sites\/2\/2026\/03\/Kake-1152x1536.jpg 1152w, https:\/\/avogtil.no\/content\/uploads\/sites\/2\/2026\/03\/Kake-1536x2048.jpg 1536w, https:\/\/avogtil.no\/content\/uploads\/sites\/2\/2026\/03\/Kake-600x800.jpg 600w, https:\/\/avogtil.no\/content\/uploads\/sites\/2\/2026\/03\/Kake.jpg 1920w\" sizes=\"auto, (max-width: 768px) 100vw, 768px\" \/><\/figure>\n\n\n\t\t\t<\/div>\n\t\t<\/div>\n\n\t\t\t\t<\/div>\n\t\t\t\t<div class=\"swiper-buttons\">\n\t\t\t\t\t<div class=\"swiper-button-prev\"><svg xmlns=\"http:\/\/www.w3.org\/2000\/svg\" viewBox=\"0 0 24 24\" height=\"24\" width=\"24\" class=\"t2-icon t2-icon-chevronleft\" aria-hidden=\"true\" focusable=\"false\"><path d=\"m13.300781 17.300781-4.601562-4.601562c-.097657-.097657-.171875-.207031-.210938-.324219-.042969-.117188-.0625-.242188-.0625-.375s.019531-.257812.0625-.375c.039063-.117188.113281-.226562.210938-.324219l4.601562-4.601562c.183594-.183594.414063-.273438.699219-.273438s.515625.089844.699219.273438c.183593.183593.277343.417969.277343.699219 0 .285156-.09375.519531-.277343.703124L10.800781 12l3.898438 3.898438c.183593.183593.277343.417968.277343.703124 0 .28125-.09375.515626-.277343.699219-.183594.183594-.414063.273438-.699219.273438s-.515625-.089844-.699219-.273438Zm0 0\" fill=\"currentColor\" \/><\/svg><\/div>\n\t\t\t\t\t<div class=\"swiper-button-next\"><svg xmlns=\"http:\/\/www.w3.org\/2000\/svg\" viewBox=\"0 0 24 24\" height=\"24\" width=\"24\" class=\"t2-icon t2-icon-chevronright\" aria-hidden=\"true\" focusable=\"false\"><path d=\"M8.699219 17.300781c-.183594-.183593-.273438-.417969-.273438-.699219 0-.285156.089844-.519531.273438-.703124L12.601562 12 8.699219 8.101562c-.183594-.183593-.273438-.417968-.273438-.703124 0-.28125.089844-.515626.273438-.699219.183593-.183594.417969-.273438.699219-.273438.285156 0 .519531.089844.703124.273438l4.597657 4.601562c.101562.097657.171875.207031.214843.324219.039063.117188.0625.242188.0625.375s-.023437.257812-.0625.375c-.042968.117188-.113281.226562-.214843.324219l-4.597657 4.601562c-.183593.183594-.417968.273438-.703124.273438-.28125 0-.515626-.089844-.699219-.273438Zm0 0\" fill=\"currentColor\" \/><\/svg><\/div>\n\t\t\t\t<\/div>\n\t\t\t\t<div class=\"swiper-pagination\"><\/div>\n\t\t\t<\/div>\n\t\t<\/div>\n\n\n<p>Hun f\u00e5r st\u00f8tte av Inger Reidun Mikalsen, teamleder ved folkehelsekontoret i B\u00e6rum kommune, som har v\u00e6rt en Av-og-til-kommune siden 2019.<\/p>\n\n\n\n<p>\u2013 Skadevirkninger av alkohol rammer alle kommuner, og s\u00e5 er det jo opp til hver enkelt kommune \u00e5 bestemme hvor ressurskrevende det skal v\u00e6re \u00e5 jobbe med temaet. \u00c5 v\u00e6re en Av-og-til-kommune er i seg selv ikke ressurskrevende. Tvert imot er det bare oppsider med det, sier Mikalsen i B\u00e6rum kommune.<\/p>\n\n\n\n<p>De rundt 70 kommunene i Av-og-til-samarbeidet tilbys blant annet kunnskap og ressurser, nettverksseminarer, konferanser, kampanjemateriell og mediebistand knyttet til alkoholforebygging.<\/p>\n\n\n\n<p>M\u00e5let er \u00e5 gj\u00f8re jobben med \u00e5 informere og forebygge negative konsekvenser av alkohol lettere, og mer motiverende.<\/p>\n\n\n\n<div class=\"wp-block-media-text alignwide has-media-on-the-right is-stacked-on-mobile is-vertically-aligned-center has-light-green-background-color has-background\"><div class=\"wp-block-media-text__content\">\n<div class=\"wp-block-group is-layout-flow wp-block-group-is-layout-flow\" style=\"padding-top:2em;padding-right:2em;padding-bottom:2em;padding-left:2em\">\n<blockquote class=\"wp-block-quote has-sm-font-size is-layout-flow wp-block-quote-is-layout-flow\">\n<p>I en travel hverdag er det gull \u00e5 f\u00e5 informasjon og materiell som gj\u00f8r det enklere for oss \u00e5 n\u00e5 ut med informasjon til innbyggerne i kommunen. For eksempel opp mot jul. Og dersom vi selv har innspill til nyttig materiell, opplever jeg stor velvilje til \u00e5 endre p\u00e5 eller lage nytt, sier Mikalsen.<\/p>\n<cite>Inger Reidun Mikalsen, teamleder ved folkehelsekontoret i B\u00e6rum kommune.<\/cite><\/blockquote>\n<\/div>\n<\/div><figure class=\"wp-block-media-text__media\"><img loading=\"lazy\" decoding=\"async\" width=\"1024\" height=\"683\" src=\"https:\/\/avogtil.no\/content\/uploads\/sites\/2\/2026\/03\/Inger-Reidun-Mikalsen_Baerum-kommune_Ragnhild-Kaski-Av-og-til-Fotokred-Kai-Chen-Chen-Media-2024-1024x683.jpg\" alt=\"\" class=\"wp-image-23543 size-full\" srcset=\"https:\/\/avogtil.no\/content\/uploads\/sites\/2\/2026\/03\/Inger-Reidun-Mikalsen_Baerum-kommune_Ragnhild-Kaski-Av-og-til-Fotokred-Kai-Chen-Chen-Media-2024-1024x683.jpg 1024w, https:\/\/avogtil.no\/content\/uploads\/sites\/2\/2026\/03\/Inger-Reidun-Mikalsen_Baerum-kommune_Ragnhild-Kaski-Av-og-til-Fotokred-Kai-Chen-Chen-Media-2024-300x200.jpg 300w, https:\/\/avogtil.no\/content\/uploads\/sites\/2\/2026\/03\/Inger-Reidun-Mikalsen_Baerum-kommune_Ragnhild-Kaski-Av-og-til-Fotokred-Kai-Chen-Chen-Media-2024-768x512.jpg 768w, https:\/\/avogtil.no\/content\/uploads\/sites\/2\/2026\/03\/Inger-Reidun-Mikalsen_Baerum-kommune_Ragnhild-Kaski-Av-og-til-Fotokred-Kai-Chen-Chen-Media-2024-1536x1024.jpg 1536w, https:\/\/avogtil.no\/content\/uploads\/sites\/2\/2026\/03\/Inger-Reidun-Mikalsen_Baerum-kommune_Ragnhild-Kaski-Av-og-til-Fotokred-Kai-Chen-Chen-Media-2024-600x400.jpg 600w, https:\/\/avogtil.no\/content\/uploads\/sites\/2\/2026\/03\/Inger-Reidun-Mikalsen_Baerum-kommune_Ragnhild-Kaski-Av-og-til-Fotokred-Kai-Chen-Chen-Media-2024.jpg 2048w\" sizes=\"auto, (max-width: 1024px) 100vw, 1024px\" \/><\/figure><\/div>\n\n\n\n<p>\u2013 Kommunen er jo forpliktet til \u00e5 jobbe helsefremmende og forebyggende, og min oppfatning er at det arbeidet blir enklere og mer motiverende \u00e5 gjennomf\u00f8re, fordi vi har tilgang til utrolig mye gode ressurser gjennom Av-og-til. Det gj\u00f8r at vi f\u00e5r mer til, og det motiverer samtidig til \u00e5 sette temaet p\u00e5 dagsorden gjennom hele \u00e5ret, sier Dahle i Tysv\u00e6r.<\/p>\n\n\n\n<p>Samarbeidet er kostnadsfritt og kommunene kan selv bestille relevante ressurser.<\/p>\n\n\n\n<figure class=\"wp-block-gallery has-nested-images columns-default is-cropped wp-block-gallery-1 is-layout-flex wp-block-gallery-is-layout-flex\">\n<figure class=\"wp-block-image size-large\"><img loading=\"lazy\" decoding=\"async\" width=\"1024\" height=\"1024\" data-id=\"1226\" src=\"https:\/\/avogtil.no\/content\/uploads\/sites\/2\/2026\/01\/2024-barn-brosjyre-sprak-mockup-1024x1024.jpg\" alt=\"\" class=\"wp-image-1226\" srcset=\"https:\/\/avogtil.no\/content\/uploads\/sites\/2\/2026\/01\/2024-barn-brosjyre-sprak-mockup-1024x1024.jpg 1024w, https:\/\/avogtil.no\/content\/uploads\/sites\/2\/2026\/01\/2024-barn-brosjyre-sprak-mockup-300x300.jpg 300w, https:\/\/avogtil.no\/content\/uploads\/sites\/2\/2026\/01\/2024-barn-brosjyre-sprak-mockup-150x150.jpg 150w, https:\/\/avogtil.no\/content\/uploads\/sites\/2\/2026\/01\/2024-barn-brosjyre-sprak-mockup-768x768.jpg 768w, https:\/\/avogtil.no\/content\/uploads\/sites\/2\/2026\/01\/2024-barn-brosjyre-sprak-mockup-1536x1536.jpg 1536w, https:\/\/avogtil.no\/content\/uploads\/sites\/2\/2026\/01\/2024-barn-brosjyre-sprak-mockup-2048x2048.jpg 2048w, https:\/\/avogtil.no\/content\/uploads\/sites\/2\/2026\/01\/2024-barn-brosjyre-sprak-mockup-600x600.jpg 600w, https:\/\/avogtil.no\/content\/uploads\/sites\/2\/2026\/01\/2024-barn-brosjyre-sprak-mockup-100x100.jpg 100w\" sizes=\"auto, (max-width: 1024px) 100vw, 1024px\" \/><\/figure>\n\n\n\n<figure class=\"wp-block-image size-large\"><img loading=\"lazy\" decoding=\"async\" width=\"1024\" height=\"1024\" data-id=\"23116\" src=\"https:\/\/avogtil.no\/content\/uploads\/sites\/2\/2026\/01\/nettbutikk_avogtil-17-1024x1024.jpg\" alt=\"\" class=\"wp-image-23116\" srcset=\"https:\/\/avogtil.no\/content\/uploads\/sites\/2\/2026\/01\/nettbutikk_avogtil-17-1024x1024.jpg 1024w, https:\/\/avogtil.no\/content\/uploads\/sites\/2\/2026\/01\/nettbutikk_avogtil-17-300x300.jpg 300w, https:\/\/avogtil.no\/content\/uploads\/sites\/2\/2026\/01\/nettbutikk_avogtil-17-150x150.jpg 150w, https:\/\/avogtil.no\/content\/uploads\/sites\/2\/2026\/01\/nettbutikk_avogtil-17-768x768.jpg 768w, https:\/\/avogtil.no\/content\/uploads\/sites\/2\/2026\/01\/nettbutikk_avogtil-17-1536x1536.jpg 1536w, https:\/\/avogtil.no\/content\/uploads\/sites\/2\/2026\/01\/nettbutikk_avogtil-17-600x600.jpg 600w, https:\/\/avogtil.no\/content\/uploads\/sites\/2\/2026\/01\/nettbutikk_avogtil-17-100x100.jpg 100w, https:\/\/avogtil.no\/content\/uploads\/sites\/2\/2026\/01\/nettbutikk_avogtil-17.jpg 2048w\" sizes=\"auto, (max-width: 1024px) 100vw, 1024px\" \/><\/figure>\n\n\n\n<figure class=\"wp-block-image size-large\"><img loading=\"lazy\" decoding=\"async\" width=\"1024\" height=\"1024\" data-id=\"1189\" src=\"https:\/\/avogtil.no\/content\/uploads\/sites\/2\/2026\/01\/2022-legekontor-brosjyre-BM-ALK202BMA5VANER-mockup-1024x1024.jpg\" alt=\"\" class=\"wp-image-1189\" srcset=\"https:\/\/avogtil.no\/content\/uploads\/sites\/2\/2026\/01\/2022-legekontor-brosjyre-BM-ALK202BMA5VANER-mockup-1024x1024.jpg 1024w, https:\/\/avogtil.no\/content\/uploads\/sites\/2\/2026\/01\/2022-legekontor-brosjyre-BM-ALK202BMA5VANER-mockup-300x300.jpg 300w, https:\/\/avogtil.no\/content\/uploads\/sites\/2\/2026\/01\/2022-legekontor-brosjyre-BM-ALK202BMA5VANER-mockup-150x150.jpg 150w, https:\/\/avogtil.no\/content\/uploads\/sites\/2\/2026\/01\/2022-legekontor-brosjyre-BM-ALK202BMA5VANER-mockup-768x768.jpg 768w, https:\/\/avogtil.no\/content\/uploads\/sites\/2\/2026\/01\/2022-legekontor-brosjyre-BM-ALK202BMA5VANER-mockup-1536x1536.jpg 1536w, https:\/\/avogtil.no\/content\/uploads\/sites\/2\/2026\/01\/2022-legekontor-brosjyre-BM-ALK202BMA5VANER-mockup-600x600.jpg 600w, https:\/\/avogtil.no\/content\/uploads\/sites\/2\/2026\/01\/2022-legekontor-brosjyre-BM-ALK202BMA5VANER-mockup-100x100.jpg 100w, https:\/\/avogtil.no\/content\/uploads\/sites\/2\/2026\/01\/2022-legekontor-brosjyre-BM-ALK202BMA5VANER-mockup.jpg 1928w\" sizes=\"auto, (max-width: 1024px) 100vw, 1024px\" \/><\/figure>\n<\/figure>\n\n\n\n<p>\u2013 Det praktiske er jo alt materiell vi har tilgang til i nettbutikken. Det gj\u00f8r det enklere \u00e5 planlegge eventuelle tiltak i kommunen, enten det er \u00e5 st\u00e5 p\u00e5 stands, delta p\u00e5 festivaler og kj\u00f8re ulike kampanjer. Dette gir i seg selv inspirasjon til tiltak, sier Mikalsen og avslutter:<\/p>\n\n\n\n<p>\u2013 Jeg vil anbefale alle kommuner \u00e5 bli med i Av-og-til-samarbeidet. Personlig er jeg veldig begeistret for det lille \u00abvisittkortet\u00bb som ble utviklet til festivaldeltagere, med viktige telefonnumre og gode r\u00e5d. Det har vi i B\u00e6rum brukt p\u00e5 festivaler og det var \u00abv\u00e5rt russekort\u00bb p\u00e5 en russefestival der vi byttet russekort med mange russ. Veldig g\u00f8y inngang.<\/p>\n\n\n\n<p><strong>Se bilder fra noen av aktivitetene i B\u00e6rum kommune: <\/strong><\/p>\n\n\n\n\t\t<div class=\"is-default-variation dk-lib--carousel-wrapper-block wp-block-dekode-library-carousel-wrapper\" >\n\t\t\t<div class=\"carousel-wrapper swiper\" data-swiper-settings=\"{&quot;loop&quot;:true,&quot;speed&quot;:300,&quot;autoHeight&quot;:true}\">\n\t\t\t\t<div class=\"swiper-wrapper\">\n\t\t\t\t\t\n\n\t\t<div class=\"carousel-wrapper--slide swiper-slide wp-block-carousel-wrapper-slide\">\n\t\t\t<div class=\"carousel-wrapper--slide__blocks\">\n\t\t\t\t\n\n<figure class=\"wp-block-image size-large\"><img loading=\"lazy\" decoding=\"async\" width=\"764\" height=\"1024\" src=\"https:\/\/avogtil.no\/content\/uploads\/sites\/2\/2026\/03\/IMG_7818-1-764x1024.jpg\" alt=\"\" class=\"wp-image-23548\" srcset=\"https:\/\/avogtil.no\/content\/uploads\/sites\/2\/2026\/03\/IMG_7818-1-764x1024.jpg 764w, https:\/\/avogtil.no\/content\/uploads\/sites\/2\/2026\/03\/IMG_7818-1-224x300.jpg 224w, https:\/\/avogtil.no\/content\/uploads\/sites\/2\/2026\/03\/IMG_7818-1-768x1029.jpg 768w, https:\/\/avogtil.no\/content\/uploads\/sites\/2\/2026\/03\/IMG_7818-1-1146x1536.jpg 1146w, https:\/\/avogtil.no\/content\/uploads\/sites\/2\/2026\/03\/IMG_7818-1-600x804.jpg 600w, https:\/\/avogtil.no\/content\/uploads\/sites\/2\/2026\/03\/IMG_7818-1.jpg 1170w\" sizes=\"auto, (max-width: 764px) 100vw, 764px\" \/><figcaption class=\"wp-element-caption\">Av-og-til-koordinator i B\u00e6rum kommune p\u00e5 sj\u00f8en som en del av kampanjen &laquo;Klar for sj\u00f8en&raquo; med informasjon om risikoen ved \u00e5 f\u00f8re b\u00e5t med promille. <\/figcaption><\/figure>\n\n\n\t\t\t<\/div>\n\t\t<\/div>\n\n\n\t\t<div class=\"carousel-wrapper--slide swiper-slide wp-block-carousel-wrapper-slide\">\n\t\t\t<div class=\"carousel-wrapper--slide__blocks\">\n\t\t\t\t\n\n<figure class=\"wp-block-image size-large\"><img loading=\"lazy\" decoding=\"async\" width=\"768\" height=\"1024\" src=\"https:\/\/avogtil.no\/content\/uploads\/sites\/2\/2026\/03\/Helsesykepleiere-workshop-Baerum-768x1024.jpg\" alt=\"\" class=\"wp-image-23549\" srcset=\"https:\/\/avogtil.no\/content\/uploads\/sites\/2\/2026\/03\/Helsesykepleiere-workshop-Baerum-768x1024.jpg 768w, https:\/\/avogtil.no\/content\/uploads\/sites\/2\/2026\/03\/Helsesykepleiere-workshop-Baerum-225x300.jpg 225w, https:\/\/avogtil.no\/content\/uploads\/sites\/2\/2026\/03\/Helsesykepleiere-workshop-Baerum-1152x1536.jpg 1152w, https:\/\/avogtil.no\/content\/uploads\/sites\/2\/2026\/03\/Helsesykepleiere-workshop-Baerum-1536x2048.jpg 1536w, https:\/\/avogtil.no\/content\/uploads\/sites\/2\/2026\/03\/Helsesykepleiere-workshop-Baerum-600x800.jpg 600w, https:\/\/avogtil.no\/content\/uploads\/sites\/2\/2026\/03\/Helsesykepleiere-workshop-Baerum-scaled.jpg 1920w\" sizes=\"auto, (max-width: 768px) 100vw, 768px\" \/><figcaption class=\"wp-element-caption\">Av-og-til p\u00e5 bes\u00f8k i B\u00e6rum for \u00e5 ha workshop for helsesykepleiere p\u00e5 helstasjonene i kommunen. <\/figcaption><\/figure>\n\n\n\t\t\t<\/div>\n\t\t<\/div>\n\n\t\t\t\t<\/div>\n\t\t\t\t<div class=\"swiper-buttons\">\n\t\t\t\t\t<div class=\"swiper-button-prev\"><svg xmlns=\"http:\/\/www.w3.org\/2000\/svg\" viewBox=\"0 0 24 24\" height=\"24\" width=\"24\" class=\"t2-icon t2-icon-chevronleft\" aria-hidden=\"true\" focusable=\"false\"><path d=\"m13.300781 17.300781-4.601562-4.601562c-.097657-.097657-.171875-.207031-.210938-.324219-.042969-.117188-.0625-.242188-.0625-.375s.019531-.257812.0625-.375c.039063-.117188.113281-.226562.210938-.324219l4.601562-4.601562c.183594-.183594.414063-.273438.699219-.273438s.515625.089844.699219.273438c.183593.183593.277343.417969.277343.699219 0 .285156-.09375.519531-.277343.703124L10.800781 12l3.898438 3.898438c.183593.183593.277343.417968.277343.703124 0 .28125-.09375.515626-.277343.699219-.183594.183594-.414063.273438-.699219.273438s-.515625-.089844-.699219-.273438Zm0 0\" fill=\"currentColor\" \/><\/svg><\/div>\n\t\t\t\t\t<div class=\"swiper-button-next\"><svg xmlns=\"http:\/\/www.w3.org\/2000\/svg\" viewBox=\"0 0 24 24\" height=\"24\" width=\"24\" class=\"t2-icon t2-icon-chevronright\" aria-hidden=\"true\" focusable=\"false\"><path d=\"M8.699219 17.300781c-.183594-.183593-.273438-.417969-.273438-.699219 0-.285156.089844-.519531.273438-.703124L12.601562 12 8.699219 8.101562c-.183594-.183593-.273438-.417968-.273438-.703124 0-.28125.089844-.515626.273438-.699219.183593-.183594.417969-.273438.699219-.273438.285156 0 .519531.089844.703124.273438l4.597657 4.601562c.101562.097657.171875.207031.214843.324219.039063.117188.0625.242188.0625.375s-.023437.257812-.0625.375c-.042968.117188-.113281.226562-.214843.324219l-4.597657 4.601562c-.183593.183594-.417968.273438-.703124.273438-.28125 0-.515626-.089844-.699219-.273438Zm0 0\" fill=\"currentColor\" \/><\/svg><\/div>\n\t\t\t\t<\/div>\n\t\t\t\t<div class=\"swiper-pagination\"><\/div>\n\t\t\t<\/div>\n\t\t<\/div>\n\n\n<div class=\"wp-block-cover alignwide is-light\" style=\"min-height:248px;aspect-ratio:unset;\"><span aria-hidden=\"true\" class=\"wp-block-cover__background has-light-red-background-color has-background-dim-100 has-background-dim\"><\/span><div class=\"wp-block-cover__inner-container has-global-padding is-layout-constrained wp-block-cover-is-layout-constrained\">\n<p class=\"has-text-align-center has-blue-color has-text-color has-link-color has-md-font-size wp-elements-a6bb475ed84bfefa78c4cefe77ffc2d4\">Bli en Av-og-til-kommune og f\u00e5 ekstra ressurser til \u00e5 drive alkoholforebygging lokalt! <\/p>\n\n\n\n<div class=\"wp-block-buttons is-content-justification-center is-layout-flex wp-container-core-buttons-is-layout-a89b3969 wp-block-buttons-is-layout-flex\">\n<div class=\"wp-block-button\"><a class=\"wp-block-button__link wp-element-button\" href=\"https:\/\/avogtil.no\/lokalt\/for-kommuner\/bli-en-av-og-til-kommune\/\">F\u00e5 mer informasjon her<\/a><\/div>\n<\/div>\n<\/div><\/div>\n","protected":false},"excerpt":{"rendered":"<p>Hjem Logg inn Handlekurv \u2013 Det er lett \u00e5 f\u00e5 ja n\u00e5r vi sp\u00f8r! Store forskjeller i innbyggertall til tross, [&hellip;]<\/p>\n","protected":false},"author":10,"featured_media":23561,"parent":0,"menu_order":0,"comment_status":"closed","ping_status":"closed","template":"","meta":{"_acf_changed":false,"t2_hide_was_this_helpful":true,"page_is_public":true,"footnotes":""},"class_list":["post-987","page","type-page","status-publish","has-post-thumbnail","hentry"],"acf":[],"yoast_head":"<!-- This site is optimized with the Yoast SEO Premium plugin v26.9 (Yoast SEO v26.9) - https:\/\/yoast.com\/product\/yoast-seo-premium-wordpress\/ -->\n<title>\u2013 Det er lett \u00e5 f\u00e5 ja n\u00e5r vi sp\u00f8r! - Av-og-til lokalt<\/title>\n<meta name=\"robots\" content=\"index, follow, max-snippet:-1, max-image-preview:large, max-video-preview:-1\" \/>\n<link rel=\"canonical\" href=\"https:\/\/avogtil.no\/lokalt\/baerum-og-tysvaer\/\" \/>\n<meta property=\"og:locale\" content=\"nb_NO\" \/>\n<meta property=\"og:type\" content=\"article\" \/>\n<meta property=\"og:title\" content=\"\u2013 Det er lett \u00e5 f\u00e5 ja n\u00e5r vi sp\u00f8r!\" \/>\n<meta property=\"og:description\" content=\"Hjem Logg inn Handlekurv \u2013 Det er lett \u00e5 f\u00e5 ja n\u00e5r vi sp\u00f8r! Store forskjeller i innbyggertall til tross, [&hellip;]\" \/>\n<meta property=\"og:url\" content=\"https:\/\/avogtil.no\/lokalt\/baerum-og-tysvaer\/\" \/>\n<meta property=\"og:site_name\" content=\"Av-og-til lokalt\" \/>\n<meta property=\"article:modified_time\" content=\"2026-03-08T23:40:16+00:00\" \/>\n<meta property=\"og:image\" content=\"https:\/\/avogtil.no\/content\/uploads\/sites\/2\/2026\/03\/Stand-for-godt-alkovett-i-Tysvaer.jpg\" \/>\n\t<meta property=\"og:image:width\" content=\"1920\" \/>\n\t<meta property=\"og:image:height\" content=\"1440\" \/>\n\t<meta property=\"og:image:type\" content=\"image\/jpeg\" \/>\n<meta name=\"twitter:card\" content=\"summary_large_image\" \/>\n<meta name=\"twitter:label1\" content=\"Ansl. lesetid\" \/>\n\t<meta name=\"twitter:data1\" content=\"1 minutt\" \/>\n<script type=\"application\/ld+json\" class=\"yoast-schema-graph\">{\"@context\":\"https:\/\/schema.org\",\"@graph\":[{\"@type\":\"WebPage\",\"@id\":\"https:\/\/avogtil.no\/lokalt\/baerum-og-tysvaer\/\",\"url\":\"https:\/\/avogtil.no\/lokalt\/baerum-og-tysvaer\/\",\"name\":\"\u2013 Det er lett \u00e5 f\u00e5 ja n\u00e5r vi sp\u00f8r! - Av-og-til lokalt\",\"isPartOf\":{\"@id\":\"https:\/\/avogtil.no\/lokalt\/#website\"},\"primaryImageOfPage\":{\"@id\":\"https:\/\/avogtil.no\/lokalt\/baerum-og-tysvaer\/#primaryimage\"},\"image\":{\"@id\":\"https:\/\/avogtil.no\/lokalt\/baerum-og-tysvaer\/#primaryimage\"},\"thumbnailUrl\":\"https:\/\/avogtil.no\/content\/uploads\/sites\/2\/2026\/03\/Stand-for-godt-alkovett-i-Tysvaer.jpg\",\"datePublished\":\"2026-02-06T12:43:39+00:00\",\"dateModified\":\"2026-03-08T23:40:16+00:00\",\"breadcrumb\":{\"@id\":\"https:\/\/avogtil.no\/lokalt\/baerum-og-tysvaer\/#breadcrumb\"},\"inLanguage\":\"nb-NO\",\"potentialAction\":[{\"@type\":\"ReadAction\",\"target\":[\"https:\/\/avogtil.no\/lokalt\/baerum-og-tysvaer\/\"]}]},{\"@type\":\"ImageObject\",\"inLanguage\":\"nb-NO\",\"@id\":\"https:\/\/avogtil.no\/lokalt\/baerum-og-tysvaer\/#primaryimage\",\"url\":\"https:\/\/avogtil.no\/content\/uploads\/sites\/2\/2026\/03\/Stand-for-godt-alkovett-i-Tysvaer.jpg\",\"contentUrl\":\"https:\/\/avogtil.no\/content\/uploads\/sites\/2\/2026\/03\/Stand-for-godt-alkovett-i-Tysvaer.jpg\",\"width\":1920,\"height\":1440},{\"@type\":\"BreadcrumbList\",\"@id\":\"https:\/\/avogtil.no\/lokalt\/baerum-og-tysvaer\/#breadcrumb\",\"itemListElement\":[{\"@type\":\"ListItem\",\"position\":1,\"name\":\"Hjem\",\"item\":\"https:\/\/avogtil.no\/lokalt\/\"},{\"@type\":\"ListItem\",\"position\":2,\"name\":\"\u2013 Det er lett \u00e5 f\u00e5 ja n\u00e5r vi sp\u00f8r!\"}]},{\"@type\":\"WebSite\",\"@id\":\"https:\/\/avogtil.no\/lokalt\/#website\",\"url\":\"https:\/\/avogtil.no\/lokalt\/\",\"name\":\"Avogtil nettbutikk\",\"description\":\"\",\"publisher\":{\"@id\":\"https:\/\/avogtil.no\/lokalt\/#organization\"},\"potentialAction\":[{\"@type\":\"SearchAction\",\"target\":{\"@type\":\"EntryPoint\",\"urlTemplate\":\"https:\/\/avogtil.no\/lokalt\/?s={search_term_string}\"},\"query-input\":{\"@type\":\"PropertyValueSpecification\",\"valueRequired\":true,\"valueName\":\"search_term_string\"}}],\"inLanguage\":\"nb-NO\"},{\"@type\":\"Organization\",\"@id\":\"https:\/\/avogtil.no\/lokalt\/#organization\",\"name\":\"Avogtil nettbutikk\",\"url\":\"https:\/\/avogtil.no\/lokalt\/\",\"logo\":{\"@type\":\"ImageObject\",\"inLanguage\":\"nb-NO\",\"@id\":\"https:\/\/avogtil.no\/lokalt\/#\/schema\/logo\/image\/\",\"url\":\"https:\/\/avogtil.no\/content\/uploads\/sites\/2\/2025\/10\/avogtil-logo.svg\",\"contentUrl\":\"https:\/\/avogtil.no\/content\/uploads\/sites\/2\/2025\/10\/avogtil-logo.svg\",\"caption\":\"Avogtil nettbutikk\"},\"image\":{\"@id\":\"https:\/\/avogtil.no\/lokalt\/#\/schema\/logo\/image\/\"}}]}<\/script>\n<!-- \/ Yoast SEO Premium plugin. -->","yoast_head_json":{"title":"\u2013 Det er lett \u00e5 f\u00e5 ja n\u00e5r vi sp\u00f8r! - Av-og-til lokalt","robots":{"index":"index","follow":"follow","max-snippet":"max-snippet:-1","max-image-preview":"max-image-preview:large","max-video-preview":"max-video-preview:-1"},"canonical":"https:\/\/avogtil.no\/lokalt\/baerum-og-tysvaer\/","og_locale":"nb_NO","og_type":"article","og_title":"\u2013 Det er lett \u00e5 f\u00e5 ja n\u00e5r vi sp\u00f8r!","og_description":"Hjem Logg inn Handlekurv \u2013 Det er lett \u00e5 f\u00e5 ja n\u00e5r vi sp\u00f8r! Store forskjeller i innbyggertall til tross, [&hellip;]","og_url":"https:\/\/avogtil.no\/lokalt\/baerum-og-tysvaer\/","og_site_name":"Av-og-til lokalt","article_modified_time":"2026-03-08T23:40:16+00:00","og_image":[{"width":1920,"height":1440,"url":"https:\/\/avogtil.no\/content\/uploads\/sites\/2\/2026\/03\/Stand-for-godt-alkovett-i-Tysvaer.jpg","type":"image\/jpeg"}],"twitter_card":"summary_large_image","twitter_misc":{"Ansl. lesetid":"1 minutt"},"schema":{"@context":"https:\/\/schema.org","@graph":[{"@type":"WebPage","@id":"https:\/\/avogtil.no\/lokalt\/baerum-og-tysvaer\/","url":"https:\/\/avogtil.no\/lokalt\/baerum-og-tysvaer\/","name":"\u2013 Det er lett \u00e5 f\u00e5 ja n\u00e5r vi sp\u00f8r! - Av-og-til lokalt","isPartOf":{"@id":"https:\/\/avogtil.no\/lokalt\/#website"},"primaryImageOfPage":{"@id":"https:\/\/avogtil.no\/lokalt\/baerum-og-tysvaer\/#primaryimage"},"image":{"@id":"https:\/\/avogtil.no\/lokalt\/baerum-og-tysvaer\/#primaryimage"},"thumbnailUrl":"https:\/\/avogtil.no\/content\/uploads\/sites\/2\/2026\/03\/Stand-for-godt-alkovett-i-Tysvaer.jpg","datePublished":"2026-02-06T12:43:39+00:00","dateModified":"2026-03-08T23:40:16+00:00","breadcrumb":{"@id":"https:\/\/avogtil.no\/lokalt\/baerum-og-tysvaer\/#breadcrumb"},"inLanguage":"nb-NO","potentialAction":[{"@type":"ReadAction","target":["https:\/\/avogtil.no\/lokalt\/baerum-og-tysvaer\/"]}]},{"@type":"ImageObject","inLanguage":"nb-NO","@id":"https:\/\/avogtil.no\/lokalt\/baerum-og-tysvaer\/#primaryimage","url":"https:\/\/avogtil.no\/content\/uploads\/sites\/2\/2026\/03\/Stand-for-godt-alkovett-i-Tysvaer.jpg","contentUrl":"https:\/\/avogtil.no\/content\/uploads\/sites\/2\/2026\/03\/Stand-for-godt-alkovett-i-Tysvaer.jpg","width":1920,"height":1440},{"@type":"BreadcrumbList","@id":"https:\/\/avogtil.no\/lokalt\/baerum-og-tysvaer\/#breadcrumb","itemListElement":[{"@type":"ListItem","position":1,"name":"Hjem","item":"https:\/\/avogtil.no\/lokalt\/"},{"@type":"ListItem","position":2,"name":"\u2013 Det er lett \u00e5 f\u00e5 ja n\u00e5r vi sp\u00f8r!"}]},{"@type":"WebSite","@id":"https:\/\/avogtil.no\/lokalt\/#website","url":"https:\/\/avogtil.no\/lokalt\/","name":"Avogtil nettbutikk","description":"","publisher":{"@id":"https:\/\/avogtil.no\/lokalt\/#organization"},"potentialAction":[{"@type":"SearchAction","target":{"@type":"EntryPoint","urlTemplate":"https:\/\/avogtil.no\/lokalt\/?s={search_term_string}"},"query-input":{"@type":"PropertyValueSpecification","valueRequired":true,"valueName":"search_term_string"}}],"inLanguage":"nb-NO"},{"@type":"Organization","@id":"https:\/\/avogtil.no\/lokalt\/#organization","name":"Avogtil nettbutikk","url":"https:\/\/avogtil.no\/lokalt\/","logo":{"@type":"ImageObject","inLanguage":"nb-NO","@id":"https:\/\/avogtil.no\/lokalt\/#\/schema\/logo\/image\/","url":"https:\/\/avogtil.no\/content\/uploads\/sites\/2\/2025\/10\/avogtil-logo.svg","contentUrl":"https:\/\/avogtil.no\/content\/uploads\/sites\/2\/2025\/10\/avogtil-logo.svg","caption":"Avogtil nettbutikk"},"image":{"@id":"https:\/\/avogtil.no\/lokalt\/#\/schema\/logo\/image\/"}}]}},"_links":{"self":[{"href":"https:\/\/avogtil.no\/lokalt\/wp-json\/wp\/v2\/pages\/987","targetHints":{"allow":["GET"]}}],"collection":[{"href":"https:\/\/avogtil.no\/lokalt\/wp-json\/wp\/v2\/pages"}],"about":[{"href":"https:\/\/avogtil.no\/lokalt\/wp-json\/wp\/v2\/types\/page"}],"author":[{"embeddable":true,"href":"https:\/\/avogtil.no\/lokalt\/wp-json\/wp\/v2\/users\/10"}],"replies":[{"embeddable":true,"href":"https:\/\/avogtil.no\/lokalt\/wp-json\/wp\/v2\/comments?post=987"}],"version-history":[{"count":4,"href":"https:\/\/avogtil.no\/lokalt\/wp-json\/wp\/v2\/pages\/987\/revisions"}],"predecessor-version":[{"id":23693,"href":"https:\/\/avogtil.no\/lokalt\/wp-json\/wp\/v2\/pages\/987\/revisions\/23693"}],"wp:featuredmedia":[{"embeddable":true,"href":"https:\/\/avogtil.no\/lokalt\/wp-json\/wp\/v2\/media\/23561"}],"wp:attachment":[{"href":"https:\/\/avogtil.no\/lokalt\/wp-json\/wp\/v2\/media?parent=987"}],"curies":[{"name":"wp","href":"https:\/\/api.w.org\/{rel}","templated":true}]}}