{"id":686,"date":"2026-01-29T13:57:22","date_gmt":"2026-01-29T12:57:22","guid":{"rendered":"https:\/\/avogtil.no\/lokalt\/?page_id=686"},"modified":"2026-03-03T10:34:23","modified_gmt":"2026-03-03T09:34:23","slug":"om-kommunesamarbeidet","status":"publish","type":"page","link":"https:\/\/avogtil.no\/lokalt\/om-kommunesamarbeidet\/","title":{"rendered":"Om kommunesamarbeidet"},"content":{"rendered":"\t\n\n<div class=\"wp-block-columns alignwide are-vertically-aligned-center navigation-header is-layout-flex wp-container-core-columns-is-layout-28f84493 wp-block-columns-is-layout-flex\">\n\t\n\t<div class=\"wp-block-column is-vertically-aligned-center is-layout-flow wp-block-column-is-layout-flow\">\n\t\t<div class=\"yoast-breadcrumbs\"><span><span><a href=\"https:\/\/avogtil.no\/lokalt\/\">Hjem<\/a><\/span><\/span><\/div>\n\t<\/div>\n\t\n\t\n\t<div class=\"wp-block-column is-vertically-aligned-center is-layout-flow wp-block-column-is-layout-flow\">\n\t\t\n\t\t<div class=\"wp-block-group is-content-justification-right is-nowrap is-layout-flex wp-container-core-group-is-layout-17124a9a wp-block-group-is-layout-flex\">\n\t\t\t<div data-block-name=\"woocommerce\/customer-account\" data-icon-class=\"wc-block-customer-account__account-icon\" data-icon-style=\"line\" class='wp-block-woocommerce-customer-account ' style=''>\n\t\t\t<a  href='https:\/\/avogtil.no\/lokalt\/min-side\/'>\n\t\t\t\t<svg class=\"wc-block-customer-account__account-icon\" viewBox=\"1 1 29 29\" xmlns=\"http:\/\/www.w3.org\/2000\/svg\">\n\t\t\t\t<circle cx=\"16\" cy=\"10.5\" r=\"3.5\" stroke=\"currentColor\" stroke-width=\"2\" fill=\"none\" \/>\n\t\t\t\t<path fill-rule=\"evenodd\" clip-rule=\"evenodd\" d=\"M11.5 18.5H20.5C21.8807 18.5 23 19.6193 23 21V25.5H25V21C25 18.5147 22.9853 16.5 20.5 16.5H11.5C9.01472 16.5 7 18.5147 7 21V25.5H9V21C9 19.6193 10.1193 18.5 11.5 18.5Z\" fill=\"currentColor\" \/>\n\t\t\t<\/svg><span class=\"label\">Logg inn<\/span>\n\t\t\t<\/a>\n\t\t<\/div>\n\t\t\t<div data-block-name=\"woocommerce\/cart-link\" data-cart-icon=\"bag\" class=\"wp-block-woocommerce-cart-link\"><a class=\"wc-block-cart-link\" href=\"https:\/\/avogtil.no\/lokalt\/handlekurv\/\"><svg xmlns=\"http:\/\/www.w3.org\/2000\/svg\" fill=\"none\" class=\"wc-block-mini-cart__icon\" viewBox=\"0 0 32 32\"><path fill=\"currentColor\" fill-rule=\"evenodd\" d=\"M12.444 14.222a.89.89 0 0 1 .89.89 2.667 2.667 0 0 0 5.333 0 .889.889 0 1 1 1.777 0 4.444 4.444 0 1 1-8.888 0c0-.492.398-.89.888-.89M11.24 6.683a1 1 0 0 1 .76-.35h8a1 1 0 0 1 .76.35l4 4.666A1 1 0 0 1 24 13H8a1 1 0 0 1-.76-1.65zm1.22 1.65L10.174 11h11.652L19.54 8.333z\" clip-rule=\"evenodd\"\/><path fill=\"currentColor\" fill-rule=\"evenodd\" d=\"M7 12a1 1 0 0 1 1-1h16a1 1 0 0 1 1 1v13.333a1 1 0 0 1-1 1H8a1 1 0 0 1-1-1zm2 1v11.333h14V13z\" clip-rule=\"evenodd\"\/><\/svg><span class=\"wc-block-cart-link__text\">Handlekurv<\/span><\/a><\/div>\n\t\t<\/div>\n\t\t\n\t<\/div>\n\t\n<\/div>\n\n\n\t\n<h1 class=\"wp-block-heading\" id=\"h-av-og-tils-kommunesamarbeid\">Av-og-tils kommunesamarbeid<\/h1>\n\n\n\n<p><strong>Av-og-til samarbeider med kommuner over hele landet om lokaltilpasset rusforebygging. Sammen jobber vi for \u00e5 forebygge og redusere alkoholskader, og gj\u00f8re hverdagen tryggere for alle som bor i kommunen.<\/strong><\/p>\n\n\n\n<p>Av-og-tils kommunesamarbeid har eksistert siden 2003.<a href=\"https:\/\/avogtil.no\/lokalt\/av-og-til-kommuner\/\"> I dag er det 69 Av-og-til-kommuner i hele landet<\/a>, og n\u00e6rmere 1,3 millioner nordmenn bor i dag i en Av-og-til-kommune.<\/p>\n\n\n\n<div class=\"wp-block-media-text alignwide has-media-on-the-right is-stacked-on-mobile is-vertically-aligned-center has-light-green-background-color has-background\"><div class=\"wp-block-media-text__content\">\n<div class=\"wp-block-group is-layout-flow wp-block-group-is-layout-flow\" style=\"padding-top:2em;padding-right:2em;padding-bottom:2em;padding-left:2em\">\n<blockquote class=\"wp-block-quote has-sm-font-size is-layout-flow wp-block-quote-is-layout-flow\">\n<p>Jeg er stolt over \u00e5 v\u00e6re ordf\u00f8rer i en Av-og-til-kommune. Det er f\u00e6lt \u00e5 tenke p\u00e5 at 90 000 barn vokser opp i hjem hvor det drikkes for mye alkohol \u2013 det er mange sm\u00e5 mennesker som g\u00e5r med en klump i magen.<\/p>\n<cite>Jon Sanness-Andersen, ordf\u00f8rer i F\u00e6rder kommune.<\/cite><\/blockquote>\n<\/div>\n<\/div><figure class=\"wp-block-media-text__media\"><img loading=\"lazy\" decoding=\"async\" width=\"1024\" height=\"683\" src=\"https:\/\/avogtil.no\/content\/uploads\/sites\/2\/2026\/01\/Ordforer-i-Faerder-kommune-Jon-Sanness-Andersen-AP-8-1-1-1024x683.jpg\" alt=\"Jon Sanness-Andersen, ordf\u00f8rer i F\u00e6rder kommune st\u00e5r oppstilt i dress og ordf\u00f8rerkjede\" class=\"wp-image-709 size-full\" srcset=\"https:\/\/avogtil.no\/content\/uploads\/sites\/2\/2026\/01\/Ordforer-i-Faerder-kommune-Jon-Sanness-Andersen-AP-8-1-1-1024x683.jpg 1024w, https:\/\/avogtil.no\/content\/uploads\/sites\/2\/2026\/01\/Ordforer-i-Faerder-kommune-Jon-Sanness-Andersen-AP-8-1-1-300x200.jpg 300w, https:\/\/avogtil.no\/content\/uploads\/sites\/2\/2026\/01\/Ordforer-i-Faerder-kommune-Jon-Sanness-Andersen-AP-8-1-1-768x512.jpg 768w, https:\/\/avogtil.no\/content\/uploads\/sites\/2\/2026\/01\/Ordforer-i-Faerder-kommune-Jon-Sanness-Andersen-AP-8-1-1-1536x1024.jpg 1536w, https:\/\/avogtil.no\/content\/uploads\/sites\/2\/2026\/01\/Ordforer-i-Faerder-kommune-Jon-Sanness-Andersen-AP-8-1-1-2048x1365.jpg 2048w, https:\/\/avogtil.no\/content\/uploads\/sites\/2\/2026\/01\/Ordforer-i-Faerder-kommune-Jon-Sanness-Andersen-AP-8-1-1-600x400.jpg 600w\" sizes=\"auto, (max-width: 1024px) 100vw, 1024px\" \/><\/figure><\/div>\n\n\n\n\t\t<div class=\"avogtil-accentuated-link wp-block-avogtil-accentuated-link\">\n\t\t\t<a href=\"https:\/\/avogtil.no\/lokalt\/20-ars-jubileum\/\" class=\"avogtil-accentuated-link__inner\">\n\t\t\t\t\n\t\t\t<div class=\"avogtil-accentuated-link__image\">\n\t\t\t\t<img loading=\"lazy\" decoding=\"async\" width=\"150\" height=\"150\" src=\"https:\/\/avogtil.no\/content\/uploads\/sites\/2\/2025\/10\/2103_1105_ChenMedia_@iamkaichen_AvOgTil-EK2025_Dag2_0221_web-150x150.jpg\" class=\"attachment-thumbnail size-thumbnail\" alt=\"\" srcset=\"https:\/\/avogtil.no\/content\/uploads\/sites\/2\/2025\/10\/2103_1105_ChenMedia_@iamkaichen_AvOgTil-EK2025_Dag2_0221_web-150x150.jpg 150w, https:\/\/avogtil.no\/content\/uploads\/sites\/2\/2025\/10\/2103_1105_ChenMedia_@iamkaichen_AvOgTil-EK2025_Dag2_0221_web-300x300.jpg 300w, https:\/\/avogtil.no\/content\/uploads\/sites\/2\/2025\/10\/2103_1105_ChenMedia_@iamkaichen_AvOgTil-EK2025_Dag2_0221_web-100x100.jpg 100w\" sizes=\"auto, (max-width: 150px) 100vw, 150px\" \/>\n\t\t\t<\/div>\n\t\t\t\t<div class=\"avogtil-accentuated-link__content\">\n\t\t\t\t\t<span>Les ogs\u00e5<\/span>\n\t\t\t\t\t<p>Kommunesamarbeidet feiret 20-\u00e5rsjubileum i 2023! <\/p>\n\t\t\t\t<\/div>\n\t\t\t<\/a>\n\t\t<\/div>\n\n\n<h2 class=\"wp-block-heading\" id=\"h-alkoholforebygging-en-viktig-kommunal-oppgave\">Alkoholforebygging \u2013 en viktig kommunal oppgave<\/h2>\n\n\n\n<p>Alkohol er det rusmiddelet som for\u00e5rsaker mest helseskade i Norge. Oslo Economics har beregnet at alkoholbruk koster samfunnet opp mot 100 milliarder kroner i \u00e5ret gjennom tapt helse og livskvalitet, sykefrav\u00e6r og kostnader til helse- og velferdstjenester. Samfunnet har derfor mye \u00e5 tjene p\u00e5 \u00e5 forebygge skadelig alkoholbruk i befolkningen.<\/p>\n\n\n\n<p><em><strong>Visste du at<\/strong>&#8230; <\/em><\/p>\n\n\n\n<ul class=\"wp-block-list\">\n<li><em>Norge har satt seg m\u00e5l om en 20 prosent reduksjon i skadelige alkoholkonsumet innen 2030, sammenlignet med 2010?<a href=\"https:\/\/www.helsedirektoratet.no\/rapporter\/veien-til-en-smidigere-brukerreise-for-forvaltningen-og-naeringslivet--helsedirektoratets-utredning-pa-alkoholomradet\/strategisk-forankring-og-it-politiske-foringer\/nasjonal-alkoholstrategi\"> Kilde: Nasjonal alkoholstrategi. <\/a><\/em><\/li>\n<\/ul>\n\n\n\n<p>Alkoholforebygging har en naturlig plass i det lokale folkehelsearbeidet og kommunens arbeid med \u00e5 sikre gode oppvekstmilj\u00f8er. Av-og-til er finansiert via Helsedirektoratet, blant annet for \u00e5 bist\u00e5 norske kommuner med alkoholforebygging.<\/p>\n\n\n\n<figure class=\"wp-block-video\"><video controls src=\"https:\/\/avogtil.no\/content\/uploads\/sites\/2\/2026\/02\/Av-og-til-Energikonferansen-2025_Short_Ann-Kristin_FINAL_2-16x9_web_1080p.mp4\"><\/video><\/figure>\n\n\n\n<h2 class=\"wp-block-heading\" id=\"h-slik-forebygger-vi-skadelig-alkoholbruk-sammen\">Slik forebygger vi skadelig alkoholbruk sammen<\/h2>\n\n\n\n<p>I kommunesamarbeidet tilrettelegger Av-og-til for at kommunen kan n\u00e5 ut med relevant informasjon til ulike m\u00e5lgrupper i befolkningen. Sammen finner vi riktig og tilpasset budskap til deres lokale kanaler, m\u00f8tepunkter og kommunale tjenester.<\/p>\n\n\n\n<p>Her ser du noen eksempler p\u00e5 materiell som kan bestilles av kommunene. <\/p>\n\n\n\n<figure class=\"wp-block-gallery has-nested-images columns-default is-cropped wp-block-gallery-1 is-layout-flex wp-block-gallery-is-layout-flex\">\n<figure class=\"wp-block-image size-large\"><img loading=\"lazy\" decoding=\"async\" width=\"1024\" height=\"1024\" data-id=\"673\" src=\"https:\/\/avogtil.no\/content\/uploads\/sites\/2\/2025\/11\/Senior-1024x1024.jpg\" alt=\"\" class=\"wp-image-673\" srcset=\"https:\/\/avogtil.no\/content\/uploads\/sites\/2\/2025\/11\/Senior-1024x1024.jpg 1024w, https:\/\/avogtil.no\/content\/uploads\/sites\/2\/2025\/11\/Senior-300x300.jpg 300w, https:\/\/avogtil.no\/content\/uploads\/sites\/2\/2025\/11\/Senior-150x150.jpg 150w, https:\/\/avogtil.no\/content\/uploads\/sites\/2\/2025\/11\/Senior-768x768.jpg 768w, https:\/\/avogtil.no\/content\/uploads\/sites\/2\/2025\/11\/Senior-1536x1536.jpg 1536w, https:\/\/avogtil.no\/content\/uploads\/sites\/2\/2025\/11\/Senior-600x600.jpg 600w, https:\/\/avogtil.no\/content\/uploads\/sites\/2\/2025\/11\/Senior-100x100.jpg 100w, https:\/\/avogtil.no\/content\/uploads\/sites\/2\/2025\/11\/Senior.jpg 1928w\" sizes=\"auto, (max-width: 1024px) 100vw, 1024px\" \/><\/figure>\n\n\n\n<figure class=\"wp-block-image size-large\"><img loading=\"lazy\" decoding=\"async\" width=\"1024\" height=\"1024\" data-id=\"678\" src=\"https:\/\/avogtil.no\/content\/uploads\/sites\/2\/2026\/01\/Barn-1024x1024.jpg\" alt=\"\" class=\"wp-image-678\" srcset=\"https:\/\/avogtil.no\/content\/uploads\/sites\/2\/2026\/01\/Barn-1024x1024.jpg 1024w, https:\/\/avogtil.no\/content\/uploads\/sites\/2\/2026\/01\/Barn-300x300.jpg 300w, https:\/\/avogtil.no\/content\/uploads\/sites\/2\/2026\/01\/Barn-150x150.jpg 150w, https:\/\/avogtil.no\/content\/uploads\/sites\/2\/2026\/01\/Barn-768x768.jpg 768w, https:\/\/avogtil.no\/content\/uploads\/sites\/2\/2026\/01\/Barn-1536x1536.jpg 1536w, https:\/\/avogtil.no\/content\/uploads\/sites\/2\/2026\/01\/Barn-600x600.jpg 600w, https:\/\/avogtil.no\/content\/uploads\/sites\/2\/2026\/01\/Barn-100x100.jpg 100w, https:\/\/avogtil.no\/content\/uploads\/sites\/2\/2026\/01\/Barn.jpg 1928w\" sizes=\"auto, (max-width: 1024px) 100vw, 1024px\" \/><\/figure>\n\n\n\n<figure class=\"wp-block-image size-large\"><img loading=\"lazy\" decoding=\"async\" width=\"1024\" height=\"1024\" data-id=\"485\" src=\"https:\/\/avogtil.no\/content\/uploads\/sites\/2\/2025\/11\/Avogtil-brosjyre-samsnakka-2025-TEN402BMA5RAD-1024x1024.jpg\" alt=\"\" class=\"wp-image-485\" srcset=\"https:\/\/avogtil.no\/content\/uploads\/sites\/2\/2025\/11\/Avogtil-brosjyre-samsnakka-2025-TEN402BMA5RAD-1024x1024.jpg 1024w, https:\/\/avogtil.no\/content\/uploads\/sites\/2\/2025\/11\/Avogtil-brosjyre-samsnakka-2025-TEN402BMA5RAD-300x300.jpg 300w, https:\/\/avogtil.no\/content\/uploads\/sites\/2\/2025\/11\/Avogtil-brosjyre-samsnakka-2025-TEN402BMA5RAD-150x150.jpg 150w, https:\/\/avogtil.no\/content\/uploads\/sites\/2\/2025\/11\/Avogtil-brosjyre-samsnakka-2025-TEN402BMA5RAD-768x768.jpg 768w, https:\/\/avogtil.no\/content\/uploads\/sites\/2\/2025\/11\/Avogtil-brosjyre-samsnakka-2025-TEN402BMA5RAD-1536x1536.jpg 1536w, https:\/\/avogtil.no\/content\/uploads\/sites\/2\/2025\/11\/Avogtil-brosjyre-samsnakka-2025-TEN402BMA5RAD-600x600.jpg 600w, https:\/\/avogtil.no\/content\/uploads\/sites\/2\/2025\/11\/Avogtil-brosjyre-samsnakka-2025-TEN402BMA5RAD-100x100.jpg 100w, https:\/\/avogtil.no\/content\/uploads\/sites\/2\/2025\/11\/Avogtil-brosjyre-samsnakka-2025-TEN402BMA5RAD.jpg 1928w\" sizes=\"auto, (max-width: 1024px) 100vw, 1024px\" \/><\/figure>\n<\/figure>\n\n\n\n<h3 class=\"wp-block-heading\" id=\"h-dette-tilbyr-vi-av-og-til-kommunene\">Dette tilbyr vi Av-og-til-kommunene:<\/h3>\n\n\n<div class=\"t2-accordion wp-block-t2-accordion\" data-allow-multiple=\"1\" role=\"list\">\n<div class=\"t2-accordion-item wp-block-t2-accordion-item\" role=\"listitem\">\n\t\t\t<h2 class=\"t2-accordion-title\">\n\t\t\t\t<button type=\"button\" class=\"t2-accordion-trigger\" id=\"jevnlige-forslag-til-kommunikasjonstiltak-som-er-enkle-\u00e5-iverksette\" aria-controls=\"accordion-panel\" aria-expanded=\"false\">\n\t\t\t\t\tJevnlige forslag til kommunikasjonstiltak som er enkle \u00e5 iverksette\n\t\t\t\t\t<span class=\"t2-accordion-icon is-closed-icon\"><svg xmlns=\"http:\/\/www.w3.org\/2000\/svg\" viewBox=\"0 0 24 24\" height=\"24\" width=\"24\" class=\"t2-icon t2-icon-chevronup\" aria-hidden=\"true\" focusable=\"false\"><path d=\"M6.7 14.7c-.2-.2-.3-.4-.3-.7s.1-.5.3-.7l4.6-4.6c.1-.1.2-.2.3-.2.1 0 .2-.1.4-.1.1 0 .3 0 .4.1.1 0 .2.1.3.2l4.6 4.6c.2.2.3.4.3.7s-.1.5-.3.7c-.2.2-.4.3-.7.3s-.5-.1-.7-.3L12 10.8l-3.9 3.9c-.2.2-.4.3-.7.3s-.5-.1-.7-.3z\" fill=\"currentColor\" \/><\/svg><\/span>\n\t\t\t\t\t<span class=\"t2-accordion-icon is-open-icon\"><svg xmlns=\"http:\/\/www.w3.org\/2000\/svg\" viewBox=\"0 0 24 24\" height=\"24\" width=\"24\" class=\"t2-icon t2-icon-chevrondown\" aria-hidden=\"true\" focusable=\"false\"><path d=\"M12 14.9c-.1 0-.3 0-.4-.1-.1 0-.2-.1-.3-.2L6.7 10c-.2-.1-.3-.4-.3-.6 0-.3.1-.5.3-.7.2-.2.4-.3.7-.3s.5.1.7.3l3.9 3.9 3.9-3.9c.2-.2.4-.3.7-.3.3 0 .5.1.7.3.2.2.3.4.3.7s-.1.5-.3.7l-4.6 4.6c-.1.1-.2.2-.3.2H12z\" fill=\"currentColor\" \/><\/svg><\/span>\n\t\t\t\t<\/button>\n\t\t\t<\/h2>\n\t\t\t<div class=\"t2-accordion-item__inner-container is-layout-flow\" id=\"accordion-panel\" aria-labelledby=\"jevnlige-forslag-til-kommunikasjonstiltak-som-er-enkle-\u00e5-iverksette\" role=\"region\" hidden>\n\t\t\t\t\n\n<p>Vi tilbyr konkrete m\u00e5ter kommunen kan kommunisere med innbyggerne om alkovett \u2013 enten det er direkte til befolkningen, i tradisjonell presse eller i sosiale medier.<\/p>\n\n\n\t\t\t<\/div>\n\t\t<\/div>\n\n<div class=\"t2-accordion-item wp-block-t2-accordion-item\" role=\"listitem\">\n\t\t\t<h2 class=\"t2-accordion-title\">\n\t\t\t\t<button type=\"button\" class=\"t2-accordion-trigger\" id=\"omfattende-og-variert-materiell-for-dialog-med-kommunens-innbyggere\" aria-controls=\"accordion-panel-1\" aria-expanded=\"false\">\n\t\t\t\t\tOmfattende og variert materiell for dialog med kommunens innbyggere\n\t\t\t\t\t<span class=\"t2-accordion-icon is-closed-icon\"><svg xmlns=\"http:\/\/www.w3.org\/2000\/svg\" viewBox=\"0 0 24 24\" height=\"24\" width=\"24\" class=\"t2-icon t2-icon-chevronup\" aria-hidden=\"true\" focusable=\"false\"><path d=\"M6.7 14.7c-.2-.2-.3-.4-.3-.7s.1-.5.3-.7l4.6-4.6c.1-.1.2-.2.3-.2.1 0 .2-.1.4-.1.1 0 .3 0 .4.1.1 0 .2.1.3.2l4.6 4.6c.2.2.3.4.3.7s-.1.5-.3.7c-.2.2-.4.3-.7.3s-.5-.1-.7-.3L12 10.8l-3.9 3.9c-.2.2-.4.3-.7.3s-.5-.1-.7-.3z\" fill=\"currentColor\" \/><\/svg><\/span>\n\t\t\t\t\t<span class=\"t2-accordion-icon is-open-icon\"><svg xmlns=\"http:\/\/www.w3.org\/2000\/svg\" viewBox=\"0 0 24 24\" height=\"24\" width=\"24\" class=\"t2-icon t2-icon-chevrondown\" aria-hidden=\"true\" focusable=\"false\"><path d=\"M12 14.9c-.1 0-.3 0-.4-.1-.1 0-.2-.1-.3-.2L6.7 10c-.2-.1-.3-.4-.3-.6 0-.3.1-.5.3-.7.2-.2.4-.3.7-.3s.5.1.7.3l3.9 3.9 3.9-3.9c.2-.2.4-.3.7-.3.3 0 .5.1.7.3.2.2.3.4.3.7s-.1.5-.3.7l-4.6 4.6c-.1.1-.2.2-.3.2H12z\" fill=\"currentColor\" \/><\/svg><\/span>\n\t\t\t\t<\/button>\n\t\t\t<\/h2>\n\t\t\t<div class=\"t2-accordion-item__inner-container is-layout-flow\" id=\"accordion-panel-1\" aria-labelledby=\"omfattende-og-variert-materiell-for-dialog-med-kommunens-innbyggere\" role=\"region\" hidden>\n\t\t\t\t\n\n<p>Vi har et bredt utvalg av materiell som kommunen kan benytte seg av, blant annet:<\/p>\n\n\n\n<ul class=\"wp-block-list\">\n<li>Fysisk og digitalt materiell til bruk p\u00e5 helsestasjon, i barnehage, p\u00e5 fastlegekontoret, i eldreomsorgen og andre steder der befolkningen ferdes.<\/li>\n\n\n\n<li>Ferdige foredrag og utstyr til foreldrem\u00f8ter p\u00e5 skolen. Dette kan kommunen bruke til \u00e5 starte refleksjon og diskusjoner i foreldregruppa om ungdom, alkohol og foreldrerollen.<\/li>\n\n\n\n<li>Digitale annonser rettet mot kommunens innbyggere p\u00e5 aktuelle temaer. Annonseringen iverksettes av Av-og-til etter avtale og uten ekstra ressursbruk i kommunen.<\/li>\n<\/ul>\n\n\n\t\t\t<\/div>\n\t\t<\/div>\n\n<div class=\"t2-accordion-item wp-block-t2-accordion-item\" role=\"listitem\">\n\t\t\t<h2 class=\"t2-accordion-title\">\n\t\t\t\t<button type=\"button\" class=\"t2-accordion-trigger\" id=\"kunnskap-og-informasjon-om-rusfaglige-forhold\" aria-controls=\"accordion-panel-2\" aria-expanded=\"false\">\n\t\t\t\t\tKunnskap og informasjon om rusfaglige forhold\n\t\t\t\t\t<span class=\"t2-accordion-icon is-closed-icon\"><svg xmlns=\"http:\/\/www.w3.org\/2000\/svg\" viewBox=\"0 0 24 24\" height=\"24\" width=\"24\" class=\"t2-icon t2-icon-chevronup\" aria-hidden=\"true\" focusable=\"false\"><path d=\"M6.7 14.7c-.2-.2-.3-.4-.3-.7s.1-.5.3-.7l4.6-4.6c.1-.1.2-.2.3-.2.1 0 .2-.1.4-.1.1 0 .3 0 .4.1.1 0 .2.1.3.2l4.6 4.6c.2.2.3.4.3.7s-.1.5-.3.7c-.2.2-.4.3-.7.3s-.5-.1-.7-.3L12 10.8l-3.9 3.9c-.2.2-.4.3-.7.3s-.5-.1-.7-.3z\" fill=\"currentColor\" \/><\/svg><\/span>\n\t\t\t\t\t<span class=\"t2-accordion-icon is-open-icon\"><svg xmlns=\"http:\/\/www.w3.org\/2000\/svg\" viewBox=\"0 0 24 24\" height=\"24\" width=\"24\" class=\"t2-icon t2-icon-chevrondown\" aria-hidden=\"true\" focusable=\"false\"><path d=\"M12 14.9c-.1 0-.3 0-.4-.1-.1 0-.2-.1-.3-.2L6.7 10c-.2-.1-.3-.4-.3-.6 0-.3.1-.5.3-.7.2-.2.4-.3.7-.3s.5.1.7.3l3.9 3.9 3.9-3.9c.2-.2.4-.3.7-.3.3 0 .5.1.7.3.2.2.3.4.3.7s-.1.5-.3.7l-4.6 4.6c-.1.1-.2.2-.3.2H12z\" fill=\"currentColor\" \/><\/svg><\/span>\n\t\t\t\t<\/button>\n\t\t\t<\/h2>\n\t\t\t<div class=\"t2-accordion-item__inner-container is-layout-flow\" id=\"accordion-panel-2\" aria-labelledby=\"kunnskap-og-informasjon-om-rusfaglige-forhold\" role=\"region\" hidden>\n\t\t\t\t\n\n<p>Hvordan er alkoholbruken i Norge i dag? Hvordan er drikkem\u00f8nsteret i kommunen? Hva kjennetegner skadelig drikkem\u00f8nster, og hvordan kan det forebygges?<\/p>\n\n\n\n<p>Vi holder oss oppdatert p\u00e5 alkoholfeltet og deler v\u00e5r kunnskap med Av-og-til-kommunene.<\/p>\n\n\n\n<p>Kommunene blir ogs\u00e5 innlemmet i en nasjonal sp\u00f8rreunders\u00f8kelse om alkoholvaner. Denne gjennomf\u00f8res av Ipsos p\u00e5 vegne av Av-og-til, og inkluderer befolkningen i Av-og-til-kommunene. Sp\u00f8rreunders\u00f8kelsen iverksettes av Av-og-til uten ekstra ressursbruk i kommunen.<\/p>\n\n\n\t\t\t<\/div>\n\t\t<\/div>\n\n<div class=\"t2-accordion-item wp-block-t2-accordion-item\" role=\"listitem\">\n\t\t\t<h2 class=\"t2-accordion-title\">\n\t\t\t\t<button type=\"button\" class=\"t2-accordion-trigger\" id=\"deltagelse-i-nasjonale-holdningskampanjer\" aria-controls=\"accordion-panel-3\" aria-expanded=\"false\">\n\t\t\t\t\tDeltagelse i nasjonale holdningskampanjer\n\t\t\t\t\t<span class=\"t2-accordion-icon is-closed-icon\"><svg xmlns=\"http:\/\/www.w3.org\/2000\/svg\" viewBox=\"0 0 24 24\" height=\"24\" width=\"24\" class=\"t2-icon t2-icon-chevronup\" aria-hidden=\"true\" focusable=\"false\"><path d=\"M6.7 14.7c-.2-.2-.3-.4-.3-.7s.1-.5.3-.7l4.6-4.6c.1-.1.2-.2.3-.2.1 0 .2-.1.4-.1.1 0 .3 0 .4.1.1 0 .2.1.3.2l4.6 4.6c.2.2.3.4.3.7s-.1.5-.3.7c-.2.2-.4.3-.7.3s-.5-.1-.7-.3L12 10.8l-3.9 3.9c-.2.2-.4.3-.7.3s-.5-.1-.7-.3z\" fill=\"currentColor\" \/><\/svg><\/span>\n\t\t\t\t\t<span class=\"t2-accordion-icon is-open-icon\"><svg xmlns=\"http:\/\/www.w3.org\/2000\/svg\" viewBox=\"0 0 24 24\" height=\"24\" width=\"24\" class=\"t2-icon t2-icon-chevrondown\" aria-hidden=\"true\" focusable=\"false\"><path d=\"M12 14.9c-.1 0-.3 0-.4-.1-.1 0-.2-.1-.3-.2L6.7 10c-.2-.1-.3-.4-.3-.6 0-.3.1-.5.3-.7.2-.2.4-.3.7-.3s.5.1.7.3l3.9 3.9 3.9-3.9c.2-.2.4-.3.7-.3.3 0 .5.1.7.3.2.2.3.4.3.7s-.1.5-.3.7l-4.6 4.6c-.1.1-.2.2-.3.2H12z\" fill=\"currentColor\" \/><\/svg><\/span>\n\t\t\t\t<\/button>\n\t\t\t<\/h2>\n\t\t\t<div class=\"t2-accordion-item__inner-container is-layout-flow\" id=\"accordion-panel-3\" aria-labelledby=\"deltagelse-i-nasjonale-holdningskampanjer\" role=\"region\" hidden>\n\t\t\t\t\n\n<p>Hvert \u00e5r gjennomf\u00f8rer Av-og-til store kampanjer som belyser ulike problemstillinger rundt alkohol. Som samarbeidskommune f\u00e5r dere tilbud om og ressurser til \u00e5 l\u00f8fte tema p\u00e5 lokalt niv\u00e5.<\/p>\n\n\n\n<p>N\u00e5r lokale og nasjonale aktiviteter gjennomf\u00f8res samtidig blir effekten og gjennomslagskraften st\u00f8rre!<\/p>\n\n\n\t\t\t<\/div>\n\t\t<\/div>\n\n<div class=\"t2-accordion-item wp-block-t2-accordion-item\" role=\"listitem\">\n\t\t\t<h2 class=\"t2-accordion-title\">\n\t\t\t\t<button type=\"button\" class=\"t2-accordion-trigger\" id=\"hjelp-til-konkrete-problemstillinger-i-din-kommune\" aria-controls=\"accordion-panel-4\" aria-expanded=\"false\">\n\t\t\t\t\tHjelp til konkrete problemstillinger i din kommune\n\t\t\t\t\t<span class=\"t2-accordion-icon is-closed-icon\"><svg xmlns=\"http:\/\/www.w3.org\/2000\/svg\" viewBox=\"0 0 24 24\" height=\"24\" width=\"24\" class=\"t2-icon t2-icon-chevronup\" aria-hidden=\"true\" focusable=\"false\"><path d=\"M6.7 14.7c-.2-.2-.3-.4-.3-.7s.1-.5.3-.7l4.6-4.6c.1-.1.2-.2.3-.2.1 0 .2-.1.4-.1.1 0 .3 0 .4.1.1 0 .2.1.3.2l4.6 4.6c.2.2.3.4.3.7s-.1.5-.3.7c-.2.2-.4.3-.7.3s-.5-.1-.7-.3L12 10.8l-3.9 3.9c-.2.2-.4.3-.7.3s-.5-.1-.7-.3z\" fill=\"currentColor\" \/><\/svg><\/span>\n\t\t\t\t\t<span class=\"t2-accordion-icon is-open-icon\"><svg xmlns=\"http:\/\/www.w3.org\/2000\/svg\" viewBox=\"0 0 24 24\" height=\"24\" width=\"24\" class=\"t2-icon t2-icon-chevrondown\" aria-hidden=\"true\" focusable=\"false\"><path d=\"M12 14.9c-.1 0-.3 0-.4-.1-.1 0-.2-.1-.3-.2L6.7 10c-.2-.1-.3-.4-.3-.6 0-.3.1-.5.3-.7.2-.2.4-.3.7-.3s.5.1.7.3l3.9 3.9 3.9-3.9c.2-.2.4-.3.7-.3.3 0 .5.1.7.3.2.2.3.4.3.7s-.1.5-.3.7l-4.6 4.6c-.1.1-.2.2-.3.2H12z\" fill=\"currentColor\" \/><\/svg><\/span>\n\t\t\t\t<\/button>\n\t\t\t<\/h2>\n\t\t\t<div class=\"t2-accordion-item__inner-container is-layout-flow\" id=\"accordion-panel-4\" aria-labelledby=\"hjelp-til-konkrete-problemstillinger-i-din-kommune\" role=\"region\" hidden>\n\t\t\t\t\n\n<p>Vi er tilgjengelig for kommunen dersom det skulle oppst\u00e5 spesifikke utfordringer lokalt. Det kan for eksempel v\u00e6re knyttet til ungdomsfester, promillekj\u00f8ring eller annet. Vi tilbyr ogs\u00e5 r\u00e5dgivning i forbindelse med kommunens vurdering av salgs- og skjenkes\u00f8knader.<\/p>\n\n\n\t\t\t<\/div>\n\t\t<\/div>\n\n<div class=\"t2-accordion-item wp-block-t2-accordion-item\" role=\"listitem\">\n\t\t\t<h2 class=\"t2-accordion-title\">\n\t\t\t\t<button type=\"button\" class=\"t2-accordion-trigger\" id=\"gratis-\u00e5rlig-konferanse-i-oslo\" aria-controls=\"accordion-panel-5\" aria-expanded=\"false\">\n\t\t\t\t\tGratis \u00e5rlig konferanse i Oslo\n\t\t\t\t\t<span class=\"t2-accordion-icon is-closed-icon\"><svg xmlns=\"http:\/\/www.w3.org\/2000\/svg\" viewBox=\"0 0 24 24\" height=\"24\" width=\"24\" class=\"t2-icon t2-icon-chevronup\" aria-hidden=\"true\" focusable=\"false\"><path d=\"M6.7 14.7c-.2-.2-.3-.4-.3-.7s.1-.5.3-.7l4.6-4.6c.1-.1.2-.2.3-.2.1 0 .2-.1.4-.1.1 0 .3 0 .4.1.1 0 .2.1.3.2l4.6 4.6c.2.2.3.4.3.7s-.1.5-.3.7c-.2.2-.4.3-.7.3s-.5-.1-.7-.3L12 10.8l-3.9 3.9c-.2.2-.4.3-.7.3s-.5-.1-.7-.3z\" fill=\"currentColor\" \/><\/svg><\/span>\n\t\t\t\t\t<span class=\"t2-accordion-icon is-open-icon\"><svg xmlns=\"http:\/\/www.w3.org\/2000\/svg\" viewBox=\"0 0 24 24\" height=\"24\" width=\"24\" class=\"t2-icon t2-icon-chevrondown\" aria-hidden=\"true\" focusable=\"false\"><path d=\"M12 14.9c-.1 0-.3 0-.4-.1-.1 0-.2-.1-.3-.2L6.7 10c-.2-.1-.3-.4-.3-.6 0-.3.1-.5.3-.7.2-.2.4-.3.7-.3s.5.1.7.3l3.9 3.9 3.9-3.9c.2-.2.4-.3.7-.3.3 0 .5.1.7.3.2.2.3.4.3.7s-.1.5-.3.7l-4.6 4.6c-.1.1-.2.2-.3.2H12z\" fill=\"currentColor\" \/><\/svg><\/span>\n\t\t\t\t<\/button>\n\t\t\t<\/h2>\n\t\t\t<div class=\"t2-accordion-item__inner-container is-layout-flow\" id=\"accordion-panel-5\" aria-labelledby=\"gratis-\u00e5rlig-konferanse-i-oslo\" role=\"region\" hidden>\n\t\t\t\t\n\n<p>Av-og-til-kommuner f\u00e5r delta gratis p\u00e5 den \u00e5rlige alkovettkonferansen i Oslo. Her f\u00e5r deltakerne oppdatert kunnskap om alkoholskader og forebygging, og inspirasjon til \u00e5 gj\u00f8re et godt forebyggende arbeid i sin kommune.<\/p>\n\n\n\t\t\t<\/div>\n\t\t<\/div>\n\n<div class=\"t2-accordion-item wp-block-t2-accordion-item\" role=\"listitem\">\n\t\t\t<h2 class=\"t2-accordion-title\">\n\t\t\t\t<button type=\"button\" class=\"t2-accordion-trigger\" id=\"et-nettverk-med-andre-av-og-til-kommuner\" aria-controls=\"accordion-panel-6\" aria-expanded=\"false\">\n\t\t\t\t\tEt nettverk med andre Av-og-til-kommuner\n\t\t\t\t\t<span class=\"t2-accordion-icon is-closed-icon\"><svg xmlns=\"http:\/\/www.w3.org\/2000\/svg\" viewBox=\"0 0 24 24\" height=\"24\" width=\"24\" class=\"t2-icon t2-icon-chevronup\" aria-hidden=\"true\" focusable=\"false\"><path d=\"M6.7 14.7c-.2-.2-.3-.4-.3-.7s.1-.5.3-.7l4.6-4.6c.1-.1.2-.2.3-.2.1 0 .2-.1.4-.1.1 0 .3 0 .4.1.1 0 .2.1.3.2l4.6 4.6c.2.2.3.4.3.7s-.1.5-.3.7c-.2.2-.4.3-.7.3s-.5-.1-.7-.3L12 10.8l-3.9 3.9c-.2.2-.4.3-.7.3s-.5-.1-.7-.3z\" fill=\"currentColor\" \/><\/svg><\/span>\n\t\t\t\t\t<span class=\"t2-accordion-icon is-open-icon\"><svg xmlns=\"http:\/\/www.w3.org\/2000\/svg\" viewBox=\"0 0 24 24\" height=\"24\" width=\"24\" class=\"t2-icon t2-icon-chevrondown\" aria-hidden=\"true\" focusable=\"false\"><path d=\"M12 14.9c-.1 0-.3 0-.4-.1-.1 0-.2-.1-.3-.2L6.7 10c-.2-.1-.3-.4-.3-.6 0-.3.1-.5.3-.7.2-.2.4-.3.7-.3s.5.1.7.3l3.9 3.9 3.9-3.9c.2-.2.4-.3.7-.3.3 0 .5.1.7.3.2.2.3.4.3.7s-.1.5-.3.7l-4.6 4.6c-.1.1-.2.2-.3.2H12z\" fill=\"currentColor\" \/><\/svg><\/span>\n\t\t\t\t<\/button>\n\t\t\t<\/h2>\n\t\t\t<div class=\"t2-accordion-item__inner-container is-layout-flow\" id=\"accordion-panel-6\" aria-labelledby=\"et-nettverk-med-andre-av-og-til-kommuner\" role=\"region\" hidden>\n\t\t\t\t\n\n<p>Som samarbeidskommune blir dere en del av et kommunenettverk som kan hjelpe og inspirere hverandre i forebyggingsarbeidet.<\/p>\n\n\n\t\t\t<\/div>\n\t\t<\/div>\n<\/div>\n\n\n<h2 class=\"wp-block-heading\" id=\"h-praktisk-organisering-av-samarbeidet\">Praktisk organisering av samarbeidet<\/h2>\n\n\n<div class=\"t2-accordion wp-block-t2-accordion\" data-allow-multiple=\"1\" role=\"list\">\n<div class=\"t2-accordion-item wp-block-t2-accordion-item\" role=\"listitem\">\n\t\t\t<h2 class=\"t2-accordion-title\">\n\t\t\t\t<button type=\"button\" class=\"t2-accordion-trigger\" id=\"av-og-til-koordinatoren\" aria-controls=\"accordion-panel-7\" aria-expanded=\"false\">\n\t\t\t\t\tAv-og-til-koordinatoren\n\t\t\t\t\t<span class=\"t2-accordion-icon is-closed-icon\"><svg xmlns=\"http:\/\/www.w3.org\/2000\/svg\" viewBox=\"0 0 24 24\" height=\"24\" width=\"24\" class=\"t2-icon t2-icon-chevronup\" aria-hidden=\"true\" focusable=\"false\"><path d=\"M6.7 14.7c-.2-.2-.3-.4-.3-.7s.1-.5.3-.7l4.6-4.6c.1-.1.2-.2.3-.2.1 0 .2-.1.4-.1.1 0 .3 0 .4.1.1 0 .2.1.3.2l4.6 4.6c.2.2.3.4.3.7s-.1.5-.3.7c-.2.2-.4.3-.7.3s-.5-.1-.7-.3L12 10.8l-3.9 3.9c-.2.2-.4.3-.7.3s-.5-.1-.7-.3z\" fill=\"currentColor\" \/><\/svg><\/span>\n\t\t\t\t\t<span class=\"t2-accordion-icon is-open-icon\"><svg xmlns=\"http:\/\/www.w3.org\/2000\/svg\" viewBox=\"0 0 24 24\" height=\"24\" width=\"24\" class=\"t2-icon t2-icon-chevrondown\" aria-hidden=\"true\" focusable=\"false\"><path d=\"M12 14.9c-.1 0-.3 0-.4-.1-.1 0-.2-.1-.3-.2L6.7 10c-.2-.1-.3-.4-.3-.6 0-.3.1-.5.3-.7.2-.2.4-.3.7-.3s.5.1.7.3l3.9 3.9 3.9-3.9c.2-.2.4-.3.7-.3.3 0 .5.1.7.3.2.2.3.4.3.7s-.1.5-.3.7l-4.6 4.6c-.1.1-.2.2-.3.2H12z\" fill=\"currentColor\" \/><\/svg><\/span>\n\t\t\t\t<\/button>\n\t\t\t<\/h2>\n\t\t\t<div class=\"t2-accordion-item__inner-container is-layout-flow\" id=\"accordion-panel-7\" aria-labelledby=\"av-og-til-koordinatoren\" role=\"region\" hidden>\n\t\t\t\t\n\n<p>Av-og-til-kommuner organiserer sitt arbeid p\u00e5 ulike m\u00e5ter etter lokale \u00f8nsker, men alle kommuner m\u00e5 ha en Av-og-til-koordinator som ogs\u00e5 er hovedkontakten til Av-og-til. Dette er gjerne folkehelsekoordinator eller SLT-koordinator. Vervet kan ogs\u00e5 legges til andre stillinger sentralt i kommunens forebyggingsarbeid som har god mulighet til lokal nettverksbygging.<\/p>\n\n\n\n<p>Av-og-til-koordinatoren har en samkj\u00f8rende og utadvendt funksjon. Koordinatoren s\u00f8ker samarbeid og kan etablere arbeidsgrupper for prioriterte innsatsomr\u00e5der, har ansvaret for utarbeidelse og gjennomf\u00f8ring av lokale planer, og er talsperson p\u00e5 vegne av kommunen i lokalmedia dersom ikke annet er \u00f8nsket.<\/p>\n\n\n\t\t\t<\/div>\n\t\t<\/div>\n\n<div class=\"t2-accordion-item wp-block-t2-accordion-item\" role=\"listitem\">\n\t\t\t<h2 class=\"t2-accordion-title\">\n\t\t\t\t<button type=\"button\" class=\"t2-accordion-trigger\" id=\"forankring-og-gjennomf\u00f8ring\" aria-controls=\"accordion-panel-8\" aria-expanded=\"false\">\n\t\t\t\t\tForankring og gjennomf\u00f8ring\n\t\t\t\t\t<span class=\"t2-accordion-icon is-closed-icon\"><svg xmlns=\"http:\/\/www.w3.org\/2000\/svg\" viewBox=\"0 0 24 24\" height=\"24\" width=\"24\" class=\"t2-icon t2-icon-chevronup\" aria-hidden=\"true\" focusable=\"false\"><path d=\"M6.7 14.7c-.2-.2-.3-.4-.3-.7s.1-.5.3-.7l4.6-4.6c.1-.1.2-.2.3-.2.1 0 .2-.1.4-.1.1 0 .3 0 .4.1.1 0 .2.1.3.2l4.6 4.6c.2.2.3.4.3.7s-.1.5-.3.7c-.2.2-.4.3-.7.3s-.5-.1-.7-.3L12 10.8l-3.9 3.9c-.2.2-.4.3-.7.3s-.5-.1-.7-.3z\" fill=\"currentColor\" \/><\/svg><\/span>\n\t\t\t\t\t<span class=\"t2-accordion-icon is-open-icon\"><svg xmlns=\"http:\/\/www.w3.org\/2000\/svg\" viewBox=\"0 0 24 24\" height=\"24\" width=\"24\" class=\"t2-icon t2-icon-chevrondown\" aria-hidden=\"true\" focusable=\"false\"><path d=\"M12 14.9c-.1 0-.3 0-.4-.1-.1 0-.2-.1-.3-.2L6.7 10c-.2-.1-.3-.4-.3-.6 0-.3.1-.5.3-.7.2-.2.4-.3.7-.3s.5.1.7.3l3.9 3.9 3.9-3.9c.2-.2.4-.3.7-.3.3 0 .5.1.7.3.2.2.3.4.3.7s-.1.5-.3.7l-4.6 4.6c-.1.1-.2.2-.3.2H12z\" fill=\"currentColor\" \/><\/svg><\/span>\n\t\t\t\t<\/button>\n\t\t\t<\/h2>\n\t\t\t<div class=\"t2-accordion-item__inner-container is-layout-flow\" id=\"accordion-panel-8\" aria-labelledby=\"forankring-og-gjennomf\u00f8ring\" role=\"region\" hidden>\n\t\t\t\t\n\n<p>Samarbeidet forankres lokalt gjennom politisk beslutning og samarbeidsavtale, og innlemmes p\u00e5 sikt i kommunens planverk, for eksempel Rusmiddelpolitisk handlingsplan eller Folkehelseplan. Samarbeidet legger til rette for blant annet allmennforebyggende tiltak som holdningsskapende arbeid, undervisning, lokale kampanjer og en lokal alkoholpolitikk med fokus p\u00e5 gode rammer for lokalmilj\u00f8et.<\/p>\n\n\n\n<p>Det kan ogs\u00e5 v\u00e6re hensiktsmessig \u00e5 invitere akt\u00f8rer i kommunen med i en styringsgruppe som Av-og-til-koordinatoren kan samarbeide med. Det kan v\u00e6re andre representanter fra kommunen, Idrettsr\u00e5det, politikere, politi eller lokalt n\u00e6ringsliv. Det gir st\u00f8rre kontaktflate til lokalmilj\u00f8et og kan skape synergieffekt av arbeidet.<\/p>\n\n\n\t\t\t<\/div>\n\t\t<\/div>\n\n<div class=\"t2-accordion-item wp-block-t2-accordion-item\" role=\"listitem\">\n\t\t\t<h2 class=\"t2-accordion-title\">\n\t\t\t\t<button type=\"button\" class=\"t2-accordion-trigger\" id=\"todelt-ansvar\" aria-controls=\"accordion-panel-9\" aria-expanded=\"false\">\n\t\t\t\t\tTodelt ansvar\n\t\t\t\t\t<span class=\"t2-accordion-icon is-closed-icon\"><svg xmlns=\"http:\/\/www.w3.org\/2000\/svg\" viewBox=\"0 0 24 24\" height=\"24\" width=\"24\" class=\"t2-icon t2-icon-chevronup\" aria-hidden=\"true\" focusable=\"false\"><path d=\"M6.7 14.7c-.2-.2-.3-.4-.3-.7s.1-.5.3-.7l4.6-4.6c.1-.1.2-.2.3-.2.1 0 .2-.1.4-.1.1 0 .3 0 .4.1.1 0 .2.1.3.2l4.6 4.6c.2.2.3.4.3.7s-.1.5-.3.7c-.2.2-.4.3-.7.3s-.5-.1-.7-.3L12 10.8l-3.9 3.9c-.2.2-.4.3-.7.3s-.5-.1-.7-.3z\" fill=\"currentColor\" \/><\/svg><\/span>\n\t\t\t\t\t<span class=\"t2-accordion-icon is-open-icon\"><svg xmlns=\"http:\/\/www.w3.org\/2000\/svg\" viewBox=\"0 0 24 24\" height=\"24\" width=\"24\" class=\"t2-icon t2-icon-chevrondown\" aria-hidden=\"true\" focusable=\"false\"><path d=\"M12 14.9c-.1 0-.3 0-.4-.1-.1 0-.2-.1-.3-.2L6.7 10c-.2-.1-.3-.4-.3-.6 0-.3.1-.5.3-.7.2-.2.4-.3.7-.3s.5.1.7.3l3.9 3.9 3.9-3.9c.2-.2.4-.3.7-.3.3 0 .5.1.7.3.2.2.3.4.3.7s-.1.5-.3.7l-4.6 4.6c-.1.1-.2.2-.3.2H12z\" fill=\"currentColor\" \/><\/svg><\/span>\n\t\t\t\t<\/button>\n\t\t\t<\/h2>\n\t\t\t<div class=\"t2-accordion-item__inner-container is-layout-flow\" id=\"accordion-panel-9\" aria-labelledby=\"todelt-ansvar\" role=\"region\" hidden>\n\t\t\t\t\n\n<p>Samarbeidet er gratis for kommunen. Man kan se p\u00e5 det som et spleiselag der Av-og-til tilrettelegger og tilpasser for lokal aktivitet og gir faglige r\u00e5d, mens kommunen er den lokale iverksetteren.<\/p>\n\n\n\n<p>De som jobber med forebygging i kommunene sier de som Av-og-til-kommune har f\u00e5tt verkt\u00f8y som gir en enklere og mer effektiv tiln\u00e6rming til prim\u00e6rforebygging i en ellers hektisk arbeidshverdag med mange ulike oppgaver.<\/p>\n\n\n\t\t\t<\/div>\n\t\t<\/div>\n\n<div class=\"t2-accordion-item wp-block-t2-accordion-item\" role=\"listitem\">\n\t\t\t<h2 class=\"t2-accordion-title\">\n\t\t\t\t<button type=\"button\" class=\"t2-accordion-trigger\" id=\"kommunesamarbeidet-f\u00e5r-gode-skussm\u00e5l-i-evaluering\" aria-controls=\"accordion-panel-10\" aria-expanded=\"false\">\n\t\t\t\t\tKommunesamarbeidet f\u00e5r gode skussm\u00e5l i evaluering\n\t\t\t\t\t<span class=\"t2-accordion-icon is-closed-icon\"><svg xmlns=\"http:\/\/www.w3.org\/2000\/svg\" viewBox=\"0 0 24 24\" height=\"24\" width=\"24\" class=\"t2-icon t2-icon-chevronup\" aria-hidden=\"true\" focusable=\"false\"><path d=\"M6.7 14.7c-.2-.2-.3-.4-.3-.7s.1-.5.3-.7l4.6-4.6c.1-.1.2-.2.3-.2.1 0 .2-.1.4-.1.1 0 .3 0 .4.1.1 0 .2.1.3.2l4.6 4.6c.2.2.3.4.3.7s-.1.5-.3.7c-.2.2-.4.3-.7.3s-.5-.1-.7-.3L12 10.8l-3.9 3.9c-.2.2-.4.3-.7.3s-.5-.1-.7-.3z\" fill=\"currentColor\" \/><\/svg><\/span>\n\t\t\t\t\t<span class=\"t2-accordion-icon is-open-icon\"><svg xmlns=\"http:\/\/www.w3.org\/2000\/svg\" viewBox=\"0 0 24 24\" height=\"24\" width=\"24\" class=\"t2-icon t2-icon-chevrondown\" aria-hidden=\"true\" focusable=\"false\"><path d=\"M12 14.9c-.1 0-.3 0-.4-.1-.1 0-.2-.1-.3-.2L6.7 10c-.2-.1-.3-.4-.3-.6 0-.3.1-.5.3-.7.2-.2.4-.3.7-.3s.5.1.7.3l3.9 3.9 3.9-3.9c.2-.2.4-.3.7-.3.3 0 .5.1.7.3.2.2.3.4.3.7s-.1.5-.3.7l-4.6 4.6c-.1.1-.2.2-.3.2H12z\" fill=\"currentColor\" \/><\/svg><\/span>\n\t\t\t\t<\/button>\n\t\t\t<\/h2>\n\t\t\t<div class=\"t2-accordion-item__inner-container is-layout-flow\" id=\"accordion-panel-10\" aria-labelledby=\"kommunesamarbeidet-f\u00e5r-gode-skussm\u00e5l-i-evaluering\" role=\"region\" hidden>\n\t\t\t\t\n\n<p>Av-og-tils kommunesamarbeid er utviklet sammen med kompetansesentrene p\u00e5 rusfeltet, KORUS, og er forankret i forskning p\u00e5 forebygging og lokalsamfunn. Modellen bygger p\u00e5 erfaringer fra lignende prosjekter i USA og Finland.<\/p>\n\n\n\n<p>Kommunesamarbeid har blitt evaluert av Universitetet i Troms\u00f8. Et viktig funn var at kommunene gjennom Av-og-til fikk en god kommunikasjonsplattform n\u00e5r det gjelder alkoholproblematikk. Denne gj\u00f8r det mulig \u00e5 kommunisere direkte med befolkningen i kommunen gjennom kampanjeaktiviteter. I tillegg er den et viktig fundament n\u00e5r de langsiktige planene for kommunenes forebyggende arbeid og alkoholpolitikk skal legges og den kan utgj\u00f8re en del av kriteriene n\u00e5r kommunale skjenkebevillinger skal gis eller avsl\u00e5s.<\/p>\n\n\n\n<p>Av-og-tils kommunesamarbeid kan styrke og gi legitimitet til to av de mest sentrale alkoholpolitiske virkemidlene, nemlig de regulative virkemidlene h\u00f8ye priser\/avgifter p\u00e5 alkohol og begrenset tilgjengelighet.<\/p>\n\n\n\t\t\t<\/div>\n\t\t<\/div>\n<\/div>\n\n\n\t\t<div class=\"avogtil-accentuated-link wp-block-avogtil-accentuated-link\">\n\t\t\t<a href=\"https:\/\/avogtil.no\/lokalt\/baerum-og-tysvaer\/\" class=\"avogtil-accentuated-link__inner\">\n\t\t\t\t\n\t\t\t<div class=\"avogtil-accentuated-link__image\">\n\t\t\t\t<img loading=\"lazy\" decoding=\"async\" width=\"150\" height=\"150\" src=\"https:\/\/avogtil.no\/content\/uploads\/sites\/2\/2026\/03\/Stand-for-godt-alkovett-i-Tysvaer-150x150.jpg\" class=\"attachment-thumbnail size-thumbnail\" alt=\"\" srcset=\"https:\/\/avogtil.no\/content\/uploads\/sites\/2\/2026\/03\/Stand-for-godt-alkovett-i-Tysvaer-150x150.jpg 150w, https:\/\/avogtil.no\/content\/uploads\/sites\/2\/2026\/03\/Stand-for-godt-alkovett-i-Tysvaer-300x300.jpg 300w, https:\/\/avogtil.no\/content\/uploads\/sites\/2\/2026\/03\/Stand-for-godt-alkovett-i-Tysvaer-100x100.jpg 100w\" sizes=\"auto, (max-width: 150px) 100vw, 150px\" \/>\n\t\t\t<\/div>\n\t\t\t\t<div class=\"avogtil-accentuated-link__content\">\n\t\t\t\t\t<span>Les ogs\u00e5<\/span>\n\t\t\t\t\t<p>&#8211; Det er lett \u00e5 f\u00e5 ja n\u00e5r vi sp\u00f8r! <\/p>\n\t\t\t\t<\/div>\n\t\t\t<\/a>\n\t\t<\/div>\n\n\n<div class=\"wp-block-cover alignwide is-light\" style=\"min-height:248px;aspect-ratio:unset;\"><span aria-hidden=\"true\" class=\"wp-block-cover__background has-light-red-background-color has-background-dim-100 has-background-dim\"><\/span><div class=\"wp-block-cover__inner-container has-global-padding is-layout-constrained wp-block-cover-is-layout-constrained\">\n<p class=\"has-text-align-center has-blue-color has-text-color has-link-color has-md-font-size wp-elements-a6bb475ed84bfefa78c4cefe77ffc2d4\">Bli en Av-og-til-kommune og f\u00e5 ekstra ressurser til \u00e5 drive alkoholforebygging lokalt! <\/p>\n\n\n\n<div class=\"wp-block-buttons is-content-justification-center is-layout-flex wp-container-core-buttons-is-layout-a89b3969 wp-block-buttons-is-layout-flex\">\n<div class=\"wp-block-button\"><a class=\"wp-block-button__link wp-element-button\" href=\"https:\/\/avogtil.no\/lokalt\/for-kommuner\/bli-en-av-og-til-kommune\/\">F\u00e5 mer informasjon her<\/a><\/div>\n<\/div>\n<\/div><\/div>\n\n\n\n<p><\/p>\n","protected":false},"excerpt":{"rendered":"<p>Hjem Logg inn Handlekurv Av-og-tils kommunesamarbeid Av-og-til samarbeider med kommuner over hele landet om lokaltilpasset rusforebygging. Sammen jobber vi for [&hellip;]<\/p>\n","protected":false},"author":4,"featured_media":665,"parent":0,"menu_order":0,"comment_status":"closed","ping_status":"closed","template":"","meta":{"_acf_changed":false,"t2_hide_was_this_helpful":true,"page_is_public":true,"footnotes":""},"class_list":["post-686","page","type-page","status-publish","has-post-thumbnail","hentry"],"acf":[],"yoast_head":"<!-- This site is optimized with the Yoast SEO Premium plugin v26.9 (Yoast SEO v26.9) - https:\/\/yoast.com\/product\/yoast-seo-premium-wordpress\/ -->\n<title>Om kommunesamarbeidet - Av-og-til lokalt<\/title>\n<meta name=\"robots\" content=\"index, follow, max-snippet:-1, max-image-preview:large, max-video-preview:-1\" \/>\n<link rel=\"canonical\" href=\"https:\/\/avogtil.no\/lokalt\/om-kommunesamarbeidet\/\" \/>\n<meta property=\"og:locale\" content=\"nb_NO\" \/>\n<meta property=\"og:type\" content=\"article\" \/>\n<meta property=\"og:title\" content=\"Om kommunesamarbeidet\" \/>\n<meta property=\"og:description\" content=\"Hjem Logg inn Handlekurv Av-og-tils kommunesamarbeid Av-og-til samarbeider med kommuner over hele landet om lokaltilpasset rusforebygging. Sammen jobber vi for [&hellip;]\" \/>\n<meta property=\"og:url\" content=\"https:\/\/avogtil.no\/lokalt\/om-kommunesamarbeidet\/\" \/>\n<meta property=\"og:site_name\" content=\"Av-og-til lokalt\" \/>\n<meta property=\"article:modified_time\" content=\"2026-03-03T09:34:23+00:00\" \/>\n<meta property=\"og:image\" content=\"https:\/\/avogtil.no\/content\/uploads\/sites\/2\/2026\/01\/ChenMedia_@iamkaichen_Avogtil_Energikonferansen2024_Dag1_RegistreringogVelkomst_0005_web.jpg\" \/>\n\t<meta property=\"og:image:width\" content=\"2048\" \/>\n\t<meta property=\"og:image:height\" content=\"1365\" \/>\n\t<meta property=\"og:image:type\" content=\"image\/jpeg\" \/>\n<meta name=\"twitter:card\" content=\"summary_large_image\" \/>\n<meta name=\"twitter:label1\" content=\"Ansl. lesetid\" \/>\n\t<meta name=\"twitter:data1\" content=\"6 minutter\" \/>\n<script type=\"application\/ld+json\" class=\"yoast-schema-graph\">{\"@context\":\"https:\/\/schema.org\",\"@graph\":[{\"@type\":\"WebPage\",\"@id\":\"https:\/\/avogtil.no\/lokalt\/om-kommunesamarbeidet\/\",\"url\":\"https:\/\/avogtil.no\/lokalt\/om-kommunesamarbeidet\/\",\"name\":\"Om kommunesamarbeidet - Av-og-til lokalt\",\"isPartOf\":{\"@id\":\"https:\/\/avogtil.no\/lokalt\/#website\"},\"primaryImageOfPage\":{\"@id\":\"https:\/\/avogtil.no\/lokalt\/om-kommunesamarbeidet\/#primaryimage\"},\"image\":{\"@id\":\"https:\/\/avogtil.no\/lokalt\/om-kommunesamarbeidet\/#primaryimage\"},\"thumbnailUrl\":\"https:\/\/avogtil.no\/content\/uploads\/sites\/2\/2026\/01\/ChenMedia_@iamkaichen_Avogtil_Energikonferansen2024_Dag1_RegistreringogVelkomst_0005_web.jpg\",\"datePublished\":\"2026-01-29T12:57:22+00:00\",\"dateModified\":\"2026-03-03T09:34:23+00:00\",\"breadcrumb\":{\"@id\":\"https:\/\/avogtil.no\/lokalt\/om-kommunesamarbeidet\/#breadcrumb\"},\"inLanguage\":\"nb-NO\",\"potentialAction\":[{\"@type\":\"ReadAction\",\"target\":[\"https:\/\/avogtil.no\/lokalt\/om-kommunesamarbeidet\/\"]}]},{\"@type\":\"ImageObject\",\"inLanguage\":\"nb-NO\",\"@id\":\"https:\/\/avogtil.no\/lokalt\/om-kommunesamarbeidet\/#primaryimage\",\"url\":\"https:\/\/avogtil.no\/content\/uploads\/sites\/2\/2026\/01\/ChenMedia_@iamkaichen_Avogtil_Energikonferansen2024_Dag1_RegistreringogVelkomst_0005_web.jpg\",\"contentUrl\":\"https:\/\/avogtil.no\/content\/uploads\/sites\/2\/2026\/01\/ChenMedia_@iamkaichen_Avogtil_Energikonferansen2024_Dag1_RegistreringogVelkomst_0005_web.jpg\",\"width\":2048,\"height\":1365},{\"@type\":\"BreadcrumbList\",\"@id\":\"https:\/\/avogtil.no\/lokalt\/om-kommunesamarbeidet\/#breadcrumb\",\"itemListElement\":[{\"@type\":\"ListItem\",\"position\":1,\"name\":\"Hjem\",\"item\":\"https:\/\/avogtil.no\/lokalt\/\"},{\"@type\":\"ListItem\",\"position\":2,\"name\":\"Om kommunesamarbeidet\"}]},{\"@type\":\"WebSite\",\"@id\":\"https:\/\/avogtil.no\/lokalt\/#website\",\"url\":\"https:\/\/avogtil.no\/lokalt\/\",\"name\":\"Avogtil nettbutikk\",\"description\":\"\",\"publisher\":{\"@id\":\"https:\/\/avogtil.no\/lokalt\/#organization\"},\"potentialAction\":[{\"@type\":\"SearchAction\",\"target\":{\"@type\":\"EntryPoint\",\"urlTemplate\":\"https:\/\/avogtil.no\/lokalt\/?s={search_term_string}\"},\"query-input\":{\"@type\":\"PropertyValueSpecification\",\"valueRequired\":true,\"valueName\":\"search_term_string\"}}],\"inLanguage\":\"nb-NO\"},{\"@type\":\"Organization\",\"@id\":\"https:\/\/avogtil.no\/lokalt\/#organization\",\"name\":\"Avogtil nettbutikk\",\"url\":\"https:\/\/avogtil.no\/lokalt\/\",\"logo\":{\"@type\":\"ImageObject\",\"inLanguage\":\"nb-NO\",\"@id\":\"https:\/\/avogtil.no\/lokalt\/#\/schema\/logo\/image\/\",\"url\":\"https:\/\/avogtil.no\/content\/uploads\/sites\/2\/2025\/10\/avogtil-logo.svg\",\"contentUrl\":\"https:\/\/avogtil.no\/content\/uploads\/sites\/2\/2025\/10\/avogtil-logo.svg\",\"caption\":\"Avogtil nettbutikk\"},\"image\":{\"@id\":\"https:\/\/avogtil.no\/lokalt\/#\/schema\/logo\/image\/\"}}]}<\/script>\n<!-- \/ Yoast SEO Premium plugin. -->","yoast_head_json":{"title":"Om kommunesamarbeidet - Av-og-til lokalt","robots":{"index":"index","follow":"follow","max-snippet":"max-snippet:-1","max-image-preview":"max-image-preview:large","max-video-preview":"max-video-preview:-1"},"canonical":"https:\/\/avogtil.no\/lokalt\/om-kommunesamarbeidet\/","og_locale":"nb_NO","og_type":"article","og_title":"Om kommunesamarbeidet","og_description":"Hjem Logg inn Handlekurv Av-og-tils kommunesamarbeid Av-og-til samarbeider med kommuner over hele landet om lokaltilpasset rusforebygging. Sammen jobber vi for [&hellip;]","og_url":"https:\/\/avogtil.no\/lokalt\/om-kommunesamarbeidet\/","og_site_name":"Av-og-til lokalt","article_modified_time":"2026-03-03T09:34:23+00:00","og_image":[{"width":2048,"height":1365,"url":"https:\/\/avogtil.no\/content\/uploads\/sites\/2\/2026\/01\/ChenMedia_@iamkaichen_Avogtil_Energikonferansen2024_Dag1_RegistreringogVelkomst_0005_web.jpg","type":"image\/jpeg"}],"twitter_card":"summary_large_image","twitter_misc":{"Ansl. lesetid":"6 minutter"},"schema":{"@context":"https:\/\/schema.org","@graph":[{"@type":"WebPage","@id":"https:\/\/avogtil.no\/lokalt\/om-kommunesamarbeidet\/","url":"https:\/\/avogtil.no\/lokalt\/om-kommunesamarbeidet\/","name":"Om kommunesamarbeidet - Av-og-til lokalt","isPartOf":{"@id":"https:\/\/avogtil.no\/lokalt\/#website"},"primaryImageOfPage":{"@id":"https:\/\/avogtil.no\/lokalt\/om-kommunesamarbeidet\/#primaryimage"},"image":{"@id":"https:\/\/avogtil.no\/lokalt\/om-kommunesamarbeidet\/#primaryimage"},"thumbnailUrl":"https:\/\/avogtil.no\/content\/uploads\/sites\/2\/2026\/01\/ChenMedia_@iamkaichen_Avogtil_Energikonferansen2024_Dag1_RegistreringogVelkomst_0005_web.jpg","datePublished":"2026-01-29T12:57:22+00:00","dateModified":"2026-03-03T09:34:23+00:00","breadcrumb":{"@id":"https:\/\/avogtil.no\/lokalt\/om-kommunesamarbeidet\/#breadcrumb"},"inLanguage":"nb-NO","potentialAction":[{"@type":"ReadAction","target":["https:\/\/avogtil.no\/lokalt\/om-kommunesamarbeidet\/"]}]},{"@type":"ImageObject","inLanguage":"nb-NO","@id":"https:\/\/avogtil.no\/lokalt\/om-kommunesamarbeidet\/#primaryimage","url":"https:\/\/avogtil.no\/content\/uploads\/sites\/2\/2026\/01\/ChenMedia_@iamkaichen_Avogtil_Energikonferansen2024_Dag1_RegistreringogVelkomst_0005_web.jpg","contentUrl":"https:\/\/avogtil.no\/content\/uploads\/sites\/2\/2026\/01\/ChenMedia_@iamkaichen_Avogtil_Energikonferansen2024_Dag1_RegistreringogVelkomst_0005_web.jpg","width":2048,"height":1365},{"@type":"BreadcrumbList","@id":"https:\/\/avogtil.no\/lokalt\/om-kommunesamarbeidet\/#breadcrumb","itemListElement":[{"@type":"ListItem","position":1,"name":"Hjem","item":"https:\/\/avogtil.no\/lokalt\/"},{"@type":"ListItem","position":2,"name":"Om kommunesamarbeidet"}]},{"@type":"WebSite","@id":"https:\/\/avogtil.no\/lokalt\/#website","url":"https:\/\/avogtil.no\/lokalt\/","name":"Avogtil nettbutikk","description":"","publisher":{"@id":"https:\/\/avogtil.no\/lokalt\/#organization"},"potentialAction":[{"@type":"SearchAction","target":{"@type":"EntryPoint","urlTemplate":"https:\/\/avogtil.no\/lokalt\/?s={search_term_string}"},"query-input":{"@type":"PropertyValueSpecification","valueRequired":true,"valueName":"search_term_string"}}],"inLanguage":"nb-NO"},{"@type":"Organization","@id":"https:\/\/avogtil.no\/lokalt\/#organization","name":"Avogtil nettbutikk","url":"https:\/\/avogtil.no\/lokalt\/","logo":{"@type":"ImageObject","inLanguage":"nb-NO","@id":"https:\/\/avogtil.no\/lokalt\/#\/schema\/logo\/image\/","url":"https:\/\/avogtil.no\/content\/uploads\/sites\/2\/2025\/10\/avogtil-logo.svg","contentUrl":"https:\/\/avogtil.no\/content\/uploads\/sites\/2\/2025\/10\/avogtil-logo.svg","caption":"Avogtil nettbutikk"},"image":{"@id":"https:\/\/avogtil.no\/lokalt\/#\/schema\/logo\/image\/"}}]}},"_links":{"self":[{"href":"https:\/\/avogtil.no\/lokalt\/wp-json\/wp\/v2\/pages\/686","targetHints":{"allow":["GET"]}}],"collection":[{"href":"https:\/\/avogtil.no\/lokalt\/wp-json\/wp\/v2\/pages"}],"about":[{"href":"https:\/\/avogtil.no\/lokalt\/wp-json\/wp\/v2\/types\/page"}],"author":[{"embeddable":true,"href":"https:\/\/avogtil.no\/lokalt\/wp-json\/wp\/v2\/users\/4"}],"replies":[{"embeddable":true,"href":"https:\/\/avogtil.no\/lokalt\/wp-json\/wp\/v2\/comments?post=686"}],"version-history":[{"count":4,"href":"https:\/\/avogtil.no\/lokalt\/wp-json\/wp\/v2\/pages\/686\/revisions"}],"predecessor-version":[{"id":23593,"href":"https:\/\/avogtil.no\/lokalt\/wp-json\/wp\/v2\/pages\/686\/revisions\/23593"}],"wp:featuredmedia":[{"embeddable":true,"href":"https:\/\/avogtil.no\/lokalt\/wp-json\/wp\/v2\/media\/665"}],"wp:attachment":[{"href":"https:\/\/avogtil.no\/lokalt\/wp-json\/wp\/v2\/media?parent=686"}],"curies":[{"name":"wp","href":"https:\/\/api.w.org\/{rel}","templated":true}]}}