{"id":2,"date":"2025-10-09T08:05:23","date_gmt":"2025-10-09T08:05:23","guid":{"rendered":"https:\/\/avogtil.no\/lokalt\/?page_id=2"},"modified":"2026-02-18T13:56:44","modified_gmt":"2026-02-18T12:56:44","slug":"20-ars-jubileum","status":"publish","type":"page","link":"https:\/\/avogtil.no\/lokalt\/20-ars-jubileum\/","title":{"rendered":"20 \u00e5r med alkovett i lokalsamfunnet"},"content":{"rendered":"\t\n\n<div class=\"wp-block-columns alignwide are-vertically-aligned-center navigation-header is-layout-flex wp-container-core-columns-is-layout-28f84493 wp-block-columns-is-layout-flex\">\n\t\n\t<div class=\"wp-block-column is-vertically-aligned-center is-layout-flow wp-block-column-is-layout-flow\">\n\t\t<div class=\"yoast-breadcrumbs\"><span><span><a href=\"https:\/\/avogtil.no\/lokalt\/\">Hjem<\/a><\/span><\/span><\/div>\n\t<\/div>\n\t\n\t\n\t<div class=\"wp-block-column is-vertically-aligned-center is-layout-flow wp-block-column-is-layout-flow\">\n\t\t\n\t\t<div class=\"wp-block-group is-content-justification-right is-nowrap is-layout-flex wp-container-core-group-is-layout-17124a9a wp-block-group-is-layout-flex\">\n\t\t\t<div data-block-name=\"woocommerce\/customer-account\" data-icon-class=\"wc-block-customer-account__account-icon\" data-icon-style=\"line\" class='wp-block-woocommerce-customer-account ' style=''>\n\t\t\t<a  href='https:\/\/avogtil.no\/lokalt\/min-side\/'>\n\t\t\t\t<svg class=\"wc-block-customer-account__account-icon\" viewBox=\"1 1 29 29\" xmlns=\"http:\/\/www.w3.org\/2000\/svg\">\n\t\t\t\t<circle cx=\"16\" cy=\"10.5\" r=\"3.5\" stroke=\"currentColor\" stroke-width=\"2\" fill=\"none\" \/>\n\t\t\t\t<path fill-rule=\"evenodd\" clip-rule=\"evenodd\" d=\"M11.5 18.5H20.5C21.8807 18.5 23 19.6193 23 21V25.5H25V21C25 18.5147 22.9853 16.5 20.5 16.5H11.5C9.01472 16.5 7 18.5147 7 21V25.5H9V21C9 19.6193 10.1193 18.5 11.5 18.5Z\" fill=\"currentColor\" \/>\n\t\t\t<\/svg><span class=\"label\">Logg inn<\/span>\n\t\t\t<\/a>\n\t\t<\/div>\n\t\t\t<div data-block-name=\"woocommerce\/cart-link\" data-cart-icon=\"bag\" class=\"wp-block-woocommerce-cart-link\"><a class=\"wc-block-cart-link\" href=\"https:\/\/avogtil.no\/lokalt\/handlekurv\/\"><svg xmlns=\"http:\/\/www.w3.org\/2000\/svg\" fill=\"none\" class=\"wc-block-mini-cart__icon\" viewBox=\"0 0 32 32\"><path fill=\"currentColor\" fill-rule=\"evenodd\" d=\"M12.444 14.222a.89.89 0 0 1 .89.89 2.667 2.667 0 0 0 5.333 0 .889.889 0 1 1 1.777 0 4.444 4.444 0 1 1-8.888 0c0-.492.398-.89.888-.89M11.24 6.683a1 1 0 0 1 .76-.35h8a1 1 0 0 1 .76.35l4 4.666A1 1 0 0 1 24 13H8a1 1 0 0 1-.76-1.65zm1.22 1.65L10.174 11h11.652L19.54 8.333z\" clip-rule=\"evenodd\"\/><path fill=\"currentColor\" fill-rule=\"evenodd\" d=\"M7 12a1 1 0 0 1 1-1h16a1 1 0 0 1 1 1v13.333a1 1 0 0 1-1 1H8a1 1 0 0 1-1-1zm2 1v11.333h14V13z\" clip-rule=\"evenodd\"\/><\/svg><span class=\"wc-block-cart-link__text\">Handlekurv<\/span><\/a><\/div>\n\t\t<\/div>\n\t\t\n\t<\/div>\n\t\n<\/div>\n\n\n\t\n<h1 class=\"wp-block-heading\" id=\"h-20-ar-med-alkovett-i-lokalsamfunnet\">20 \u00e5r med alkovett i lokalsamfunnet <\/h1>\n\n\n\n<p><em>Denne artikkelen ble skrevet i anledning kommunesamarbeidets 20-\u00e5rsjubileum i 2023. <\/em><\/p>\n\n\n\n<p><strong>I \u00e5r er det 20 \u00e5r siden Av-og-til kickstartet samarbeidet med kommuner over hele landet om lokaltilpasset rusforebygging. I 2023 bor hele 1,2 millioner mennesker i en Av-og-til-kommune. Det er verdt \u00e5 feire.<\/strong><\/p>\n\n\n\n<figure class=\"wp-block-image alignfull size-large\"><img loading=\"lazy\" decoding=\"async\" width=\"1024\" height=\"618\" src=\"https:\/\/avogtil.no\/content\/uploads\/sites\/2\/2026\/02\/energikonferanse-21-1024x618.jpg\" alt=\"\" class=\"wp-image-963\" srcset=\"https:\/\/avogtil.no\/content\/uploads\/sites\/2\/2026\/02\/energikonferanse-21-1024x618.jpg 1024w, https:\/\/avogtil.no\/content\/uploads\/sites\/2\/2026\/02\/energikonferanse-21-300x181.jpg 300w, https:\/\/avogtil.no\/content\/uploads\/sites\/2\/2026\/02\/energikonferanse-21-768x464.jpg 768w, https:\/\/avogtil.no\/content\/uploads\/sites\/2\/2026\/02\/energikonferanse-21-1536x927.jpg 1536w, https:\/\/avogtil.no\/content\/uploads\/sites\/2\/2026\/02\/energikonferanse-21-600x362.jpg 600w, https:\/\/avogtil.no\/content\/uploads\/sites\/2\/2026\/02\/energikonferanse-21.jpg 1620w\" sizes=\"auto, (max-width: 1024px) 100vw, 1024px\" \/><figcaption class=\"wp-element-caption\">Deltakere p\u00e5 den \u00e5rlige konferansen for Av-og-til-kommer i 2020. <\/figcaption><\/figure>\n\n\n\n<h3 class=\"wp-block-heading\">Alkovett i lokalsamfunnet<\/h3>\n\n\n\n<p>Av-og-til samarbeider i dag med hele 60 kommuner, for \u00e5 redusere de negative f\u00f8lgene av alkoholbruk i samfunnet og gj\u00f8re hverdagen tryggere for alle. Det hele startet i 2003, av Av-og-til og seks kompetansesentre p\u00e5 rus. Samme \u00e5r satt ordf\u00f8rerene i Sarpsborg, Stord og Kvam kommune sin signatur p\u00e5 avtalen med Av-og-til, og forpliktet seg med det til \u00e5 jobbe m\u00e5lrettet med \u00e5 forebygge negative konsekvenser av alkohol, og til \u00e5 bidra til sunt alkovett i lokalsamfunnet.<\/p>\n\n\n\n<p>I dag best\u00e5r samarbeidet av alt fra de minste kommunene med knappe 1 000 innbyggere, til de st\u00f8rste kommunene med mer enn 100 000 innbyggere. Noen kommuner har v\u00e6rt med i mange \u00e5r, mens andre er ferske. Det er mange lokale forskjeller, b\u00e5de geografisk, politisk, sosio\u00f8konomisk, kulturelt, spr\u00e5klig \u2013 og n\u00e5r det kommer til drikkekultur. Derfor er muligheten for lokal tilpasning viktig. Og kommunene har mye \u00e5 l\u00e6re av hverandre.<\/p>\n\n\n\n<blockquote class=\"wp-block-quote is-layout-flow wp-block-quote-is-layout-flow\">\n<p><em>Dette samarbeidet betyr s\u00e5 mye. B\u00e5de for de som jobber med forebygging, og for innbyggerne som nyter godt av at kommunen tar alkoholforebygging p\u00e5 alvor<\/em>. <\/p>\n<cite>Marte Sletten, seniorr\u00e5dgiver Av-og-til<\/cite><\/blockquote>\n\n\n\n<figure class=\"wp-block-image alignfull size-full\"><img decoding=\"async\" src=\"https:\/\/avogtil.no\/content\/uploads\/2024\/10\/Avogtil_Energikonferansen_2023_4999.jpg\" alt=\"bilde av gjester p\u00e5 av-og-til sin \u00e5rlige energikonferanse\" class=\"wp-image-15573\"\/><\/figure>\n\n\n\n<h2 class=\"wp-block-heading\" id=\"h-vitamininnsproytning\">Vitamininnspr\u00f8ytning<\/h2>\n\n\n\n<p>Hvert \u00e5r inviteres Av-og-til-kommunene til det som kalles energikonferansen. Der kan Av-og-til-koordinatorene m\u00f8tes og bli kjent, dele erfaringer, og ja, rett og slett f\u00e5 ny energi inn i arbeidet.<\/p>\n\n\n\n<p>\u2013 \u00c5 treffe andre koordinatorer er som en vitamininnspr\u00f8yting! Det er s\u00e5 spennende \u00e5 l\u00e6re av arbeidet som gj\u00f8res og \u00e5 f\u00e5 ny og oppdatert informasjon om alkohol i samfunnet v\u00e5rt, forteller Liv Torill O. Lunde.<\/p>\n\n\n\n<p>Hun er Av-og-til koordinator i Sarpsborg kommune, og kan fortelle om god st\u00f8tte fra organisasjonen i sitt arbeid om alkovett i lokalsamfunnet. Graviditet er et av fokusomr\u00e5dene til kommunen, og god sikkerhet blant kommende m\u00f8dre i sykehusene er en prioritet.<\/p>\n\n\n\n<p>\u2013 Det kommer jo stadig nye m\u00f8dre. Jordm\u00f8drene sprer budskapet om \u00e5 avst\u00e5 fra alkohol i svangerskapet, og n\u00e5r babyen er f\u00f8dt blir alkohol et tema p\u00e5 kontroller hos helsesykepleier. Da er det godt \u00e5 ha fakta \u00e5 vise til for \u00e5 sette i gang en god samtale om temaet.<\/p>\n\n\n\n<figure class=\"wp-block-image size-full\"><img decoding=\"async\" src=\"https:\/\/avogtil.no\/content\/uploads\/2024\/10\/Sarpsborg-768x512-1.jpg\" alt=\"\" class=\"wp-image-15574\"\/><figcaption class=\"wp-element-caption\"><strong>Sarpsborg:<\/strong> Liv Torill O. Lunde, Av-og-til-koordinator i Sarpsborg kommune og Ragnhild Kaski, generalsekret\u00e6r i Av-og-til.<\/figcaption><\/figure>\n\n\n\n<p>Men \u00f8stfoldbyen er ogs\u00e5 ekstra glad i sj\u00f8en.<\/p>\n\n\n\n<p>\u2013&nbsp; For \u00e5 komme i kontakt med folk p\u00e5 sj\u00f8en, bruker vi mye av materialet fra Av-og-til. Da snakker vi om hvor viktig det er \u00e5 vente med ankerdrammen til b\u00e5ten er fort\u00f8yd, sier Lunde.<\/p>\n\n\n<div class=\"t2-accordion is-style-simple-factbox is-style-simple-factbox wp-block-t2-accordion\" data-allow-multiple=\"1\" role=\"list\">\n<div class=\"t2-accordion-item wp-block-t2-accordion-item\" role=\"listitem\">\n\t\t\t<h2 class=\"t2-accordion-title\">\n\t\t\t\t<button type=\"button\" class=\"t2-accordion-trigger\" id=\"dette-er-en-av-og-til-koordinator\" aria-controls=\"accordion-panel\" aria-expanded=\"false\">\n\t\t\t\t\tDette er en Av-og-til-koordinator\n\t\t\t\t\t<span class=\"t2-accordion-icon is-closed-icon\"><svg xmlns=\"http:\/\/www.w3.org\/2000\/svg\" viewBox=\"0 0 24 24\" height=\"24\" width=\"24\" class=\"t2-icon t2-icon-chevronup\" aria-hidden=\"true\" focusable=\"false\"><path d=\"M6.7 14.7c-.2-.2-.3-.4-.3-.7s.1-.5.3-.7l4.6-4.6c.1-.1.2-.2.3-.2.1 0 .2-.1.4-.1.1 0 .3 0 .4.1.1 0 .2.1.3.2l4.6 4.6c.2.2.3.4.3.7s-.1.5-.3.7c-.2.2-.4.3-.7.3s-.5-.1-.7-.3L12 10.8l-3.9 3.9c-.2.2-.4.3-.7.3s-.5-.1-.7-.3z\" fill=\"currentColor\" \/><\/svg><\/span>\n\t\t\t\t\t<span class=\"t2-accordion-icon is-open-icon\"><svg xmlns=\"http:\/\/www.w3.org\/2000\/svg\" viewBox=\"0 0 24 24\" height=\"24\" width=\"24\" class=\"t2-icon t2-icon-chevrondown\" aria-hidden=\"true\" focusable=\"false\"><path d=\"M12 14.9c-.1 0-.3 0-.4-.1-.1 0-.2-.1-.3-.2L6.7 10c-.2-.1-.3-.4-.3-.6 0-.3.1-.5.3-.7.2-.2.4-.3.7-.3s.5.1.7.3l3.9 3.9 3.9-3.9c.2-.2.4-.3.7-.3.3 0 .5.1.7.3.2.2.3.4.3.7s-.1.5-.3.7l-4.6 4.6c-.1.1-.2.2-.3.2H12z\" fill=\"currentColor\" \/><\/svg><\/span>\n\t\t\t\t<\/button>\n\t\t\t<\/h2>\n\t\t\t<div class=\"t2-accordion-item__inner-container is-layout-flow\" id=\"accordion-panel\" aria-labelledby=\"dette-er-en-av-og-til-koordinator\" role=\"region\" hidden>\n\t\t\t\t\n\n<p>Av-og-til-kommuner organiserer sitt arbeid p\u00e5 ulike m\u00e5ter etter lokale \u00f8nsker, men alle kommuner m\u00e5 ha en Av-og-til-koordinator som ogs\u00e5 er hovedkontakten til Av-og-til. Dette er gjerne folkehelsekoordinator eller SLT-koordinator, men vervet kan ogs\u00e5 legges til andre stillinger sentralt i kommunens forebyggingsarbeid som har god mulighet til lokal nettverksbygging.<\/p>\n\n\n\n<p>Av-og-til-koordinatoren har en samkj\u00f8rende og utadvendt funksjon. Koordinatoren s\u00f8ker samarbeid og kan etablere arbeidsgrupper for prioriterte innsatsomr\u00e5der, har ansvaret for utarbeidelse og gjennomf\u00f8ring av lokale planer, og er talsperson p\u00e5 vegne av kommunen i lokalmedia dersom ikke annet er \u00f8nsket.<\/p>\n\n\n\n<p>Kommunen, med Av-og-til-koordinatoren i spissen, legger \u00e5rsplan for hvilke temaer som skal prioriteres. Det lokale arbeidet tilpasses ogs\u00e5 til Av-og-tils \u00e5rshjul, slik at kampanjer kan forankres i lokal mobilisering.<\/p>\n\n\n\n<p>Det er alltid drahjelp \u00e5 f\u00e5 fra Av-og-til, og p\u00e5 energikonferansen for kommunesamarbeidet er er det alltid satt av tid til lokal planlegging. Som Av-og-til-koordinator vil du ogs\u00e5 jevnlig motta informasjon p\u00e5 epost gjennom \u00e5ret, i tillegg til invitasjon til digital kaffeprat p\u00e5 teams rundt fire ganger i l\u00f8pet av et \u00e5r.<\/p>\n\n\n\t\t\t<\/div>\n\t\t<\/div>\n<\/div>\n\n\n<h3 class=\"wp-block-heading\">H\u00f8y kvalitet i Stord<\/h3>\n\n\n\n<p>Ogs\u00e5 p\u00e5 Stord i Sunnhordland har kunnskapen rundt alkoholbruk \u00f8kt gjennom de siste 20 \u00e5rene. I f\u00f8lge Av-og-til-koordinator Bjarte Epland har samarbeidet gitt glede, men ogs\u00e5 en god del l\u00e6rdom.<\/p>\n\n\n\n<p>\u2013 Jeg har f\u00e5tt mer kunnskap om ulike sider ved alkoholbruk. Det har ogs\u00e5 gjort meg tryggere p\u00e5 \u00e5 snakke om alkoholbruk, forteller han.<\/p>\n\n\n\n<p><em>Bilde under \/&nbsp;<strong>Stord:&nbsp;<\/strong>Bjarte Epland, Av-og-til-koordinator i Stord kommune og Ragnhild Kaski, generalsekret\u00e6r i Av-og-til.<\/em><\/p>\n\n\n\n\t\t<div class=\"t2-cover-scroll alignfull wp-block-t2-cover-scroll\">\n\t\t\t<div class=\"t2-cover-scroll__backgrounds\">\n\t\t\t\t\n\t\t\t<div class=\"t2-cover-scroll__background\">\n\t\t\t\t<img loading=\"lazy\" decoding=\"async\" width=\"1464\" height=\"760\" src=\"https:\/\/avogtil.no\/content\/uploads\/sites\/2\/2026\/02\/stord-koordinator-energikonferansen-e1770385985301.jpg\" class=\"wp-image-999 size-full attachment-full\" alt=\"\" style=\"\" srcset=\"https:\/\/avogtil.no\/content\/uploads\/sites\/2\/2026\/02\/stord-koordinator-energikonferansen-e1770385985301.jpg 1464w, https:\/\/avogtil.no\/content\/uploads\/sites\/2\/2026\/02\/stord-koordinator-energikonferansen-e1770385985301-300x156.jpg 300w, https:\/\/avogtil.no\/content\/uploads\/sites\/2\/2026\/02\/stord-koordinator-energikonferansen-e1770385985301-1024x532.jpg 1024w, https:\/\/avogtil.no\/content\/uploads\/sites\/2\/2026\/02\/stord-koordinator-energikonferansen-e1770385985301-768x399.jpg 768w, https:\/\/avogtil.no\/content\/uploads\/sites\/2\/2026\/02\/stord-koordinator-energikonferansen-e1770385985301-600x311.jpg 600w\" sizes=\"auto, (max-width: 1464px) 100vw, 1464px\" \/>\n\t\t\t<\/div>\n\t\t\t<\/div>\n\t\t\t<div class=\"t2-cover-scroll__inner\">\n\t\t\t\t<div class=\"t2-cover-scroll__content\">\n\t\t\t\t\t\n\n\t\t<div class=\"t2-cover-scroll__content-inner-content has-align-center has-overlay-color wp-block-t2-cover-scroll-item\" style=\"--cover-scroll-overlay--color: #9ae2b9;\">\n\t\t\t\n\n<blockquote class=\"wp-block-quote is-layout-flow wp-block-quote-is-layout-flow\">\n<p>Forh\u00e5pentligvis stiller flere seg sp\u00f8rsm\u00e5let: \u00abskal jeg drikke alkohol og eventuelt hvor mye skal jeg drikke?\u00bb<\/p>\n<\/blockquote>\n\n\n\t\t<\/div>\n\n\t\t\t\t<\/div>\n\t\t\t<\/div>\n\t\t<\/div>\n\n\n<p>Stord kommune er et godt eksempel p\u00e5 fruktbart samarbeid mellom kommunene og n\u00e6ringsliv \u2013 b\u00e5de n\u00e5r det gjelder \u201cKlar for sj\u00f8en\u201d-kampanjen, tilrettelegging for tjenester for barn og ungdom, og ikke minst ved innf\u00f8ring av retningslinjer i idretten og i organisasjoner.<\/p>\n\n\n\n<p>\u2013 Materiellet vi f\u00e5r fra Av-og-til er av sv\u00e6rt h\u00f8y kvalitet, s\u00e5 det gj\u00f8r jo jobben v\u00e5r lettere. Ogs\u00e5 er det en styrke at kampanjene blir delt p\u00e5 nasjonale plattformer og samtidig tilpasses lokalsamfunnet v\u00e5rt, asvlutter Epland.<\/p>\n\n\n\n<h3 class=\"wp-block-heading\">Gode minner innimydlo<\/h3>\n\n\n\n<p>\u2013 Det har gitt oss god hjelp til \u00e5 ha kontinuitet i det rusforebyggende arbeidet. Av-og-til engasjerer og motiverer!<\/p>\n\n\n\n<p>Slik beskriver Av-og-til-koordinator Reidun Kjos\u00e5s samarbeidet mellom Av-og-til og Kvam kommune. Videre forteller hun at samarbeidet betyr mye for innbyggerne i kommunen ved vakre Hardangerfjorden.<\/p>\n\n\n\n<p>\u2013 Vi er synlige med stands rundt i bybildet, har jevnlig informasjon om alkohol p\u00e5 v\u00e5re nettsider, og vi f\u00e5r hjelp med leserinnlegg og pressemeldinger til lokalavisen. I tillegg kan vi bruke presentasjonen om \u00abKjipe foreldre\u00bb p\u00e5 foreldrem\u00f8ter i ungdomsskolen. Det hjelper oss mye.<\/p>\n\n\n\n<figure class=\"wp-block-image size-full\"><img decoding=\"async\" src=\"https:\/\/avogtil.no\/content\/uploads\/2024\/10\/Kvam-768x512-1.jpg\" alt=\"\" class=\"wp-image-15576\"\/><figcaption class=\"wp-element-caption\"><strong>Kvam:<\/strong> Reidun Kjos\u00e5s, Av-og-til-koordinator i Kvam kommune, sammen med Siriann Lillevik.<\/figcaption><\/figure>\n\n\n\n<p>Kjos\u00e5s trekker spesielt frem at lokaltilpasning tas p\u00e5 alvor, og at det er mulighet til \u00e5 sette sitt lokale preg p\u00e5 Av-og-til-samarbeidet.<\/p>\n\n\n\n<p>\u2013 Da vi skulle utarbeide den lokale brosjyren for Kvam ble overskriften endret fra \u00abav-og-Til\u00bb til \u00abinnimydlo\u00bb. Det at vi har brukt dialekten her, har vi f\u00e5tt gode smil og tilbakemeldinger p\u00e5.<\/p>\n\n\n\n<p>Hun avslutter:<\/p>\n\n\n\n<p>\u2013 Tusen takk for et supert samarbeid. Vi er klare for nye 20 \u00e5r!<\/p>\n\n\n\n<h3 class=\"wp-block-heading\">Bli en Av-og-til-kommune<\/h3>\n\n\n\n<p>Alkohol er det rusmiddelet som for\u00e5rsaker mest helseskade i Norge. Oslo Economics har beregnet at alkoholbruk koster samfunnet opp mot 100 milliarder kroner i \u00e5ret gjennom tapt helse og livskvalitet, sykefrav\u00e6r og kostnader til helse- og velferdstjenester. Samfunnet har derfor mye \u00e5 tjene p\u00e5 \u00e5 forebygge skadelig alkoholbruk i befolkningen.<\/p>\n\n\n\n<p>Alkoholforebygging har en naturlig plass i det lokale folkehelsearbeidet og kommunens arbeid med \u00e5 sikre gode oppvekstmilj\u00f8er. Av-og-til er finansiert via Helsedirektoratet, blant annet for \u00e5 bist\u00e5 norske kommuner med alkoholforebygging.<\/p>\n\n\n\n<div class=\"wp-block-buttons is-content-justification-center is-layout-flex wp-container-core-buttons-is-layout-a89b3969 wp-block-buttons-is-layout-flex\">\n<div class=\"wp-block-button\"><a class=\"wp-block-button__link wp-element-button\" href=\"https:\/\/avogtil.no\/lokalt\/om-kommunesamarbeidet\/\">Les mer om kommunesamarbeidet her! <\/a><\/div>\n<\/div>\n\n\n\n<div class=\"wp-block-columns is-layout-flex wp-container-core-columns-is-layout-28f84493 wp-block-columns-is-layout-flex\">\n<div class=\"wp-block-column is-layout-flow wp-block-column-is-layout-flow\"><\/div>\n\n\n\n<div class=\"wp-block-column is-layout-flow wp-block-column-is-layout-flow\"><\/div>\n<\/div>\n\n\n\n<div class=\"wp-block-group alignfull has-light-blue-background-color has-background has-global-padding is-layout-constrained wp-block-group-is-layout-constrained\" style=\"padding-top:var(--wp--preset--spacing--xl);padding-bottom:var(--wp--preset--spacing--xl)\">\n<div class=\"wp-block-columns alignwide is-layout-flex wp-container-core-columns-is-layout-28f84493 wp-block-columns-is-layout-flex\">\n<div class=\"wp-block-column is-layout-flow wp-block-column-is-layout-flow\">\n<h3 class=\"wp-block-heading\" id=\"h-lurer-du-pa-noe\">Lurer du p\u00e5 noe?<\/h3>\n\n\n\n<p>Ta kontakt med v\u00e5r seniorr\u00e5dgiver som har ansvar for Av-og-tils kommunesamarbeid. <\/p>\n<\/div>\n\n\n\n<div class=\"wp-block-column is-layout-flow wp-block-column-is-layout-flow\">\n<div class=\"wp-block-media-text\" style=\"grid-template-columns:35% auto\"><figure class=\"wp-block-media-text__media\"><img loading=\"lazy\" decoding=\"async\" width=\"400\" height=\"400\" src=\"https:\/\/avogtil.no\/content\/uploads\/sites\/2\/2025\/11\/Marte-sirkel-400x400-1.webp\" alt=\"Profilbilde av marte\" class=\"wp-image-170 size-full\" srcset=\"https:\/\/avogtil.no\/content\/uploads\/sites\/2\/2025\/11\/Marte-sirkel-400x400-1.webp 400w, https:\/\/avogtil.no\/content\/uploads\/sites\/2\/2025\/11\/Marte-sirkel-400x400-1-300x300.webp 300w, https:\/\/avogtil.no\/content\/uploads\/sites\/2\/2025\/11\/Marte-sirkel-400x400-1-150x150.webp 150w, https:\/\/avogtil.no\/content\/uploads\/sites\/2\/2025\/11\/Marte-sirkel-400x400-1-100x100.webp 100w\" sizes=\"auto, (max-width: 400px) 100vw, 400px\" \/><\/figure><div class=\"wp-block-media-text__content\">\n<p style=\"margin-left:var(--wp--preset--spacing--xs)\"><strong><strong>Marte Sletten<\/strong><\/strong><br>Seniorr\u00e5dgiver, ansvarlig for kommunesamarbeid<br><a href=\"tel:95081909\">950 81 909<\/a><br><a href=\"mailto:marte@avogtil.no\">marte@avogtil.no<\/a><\/p>\n<\/div><\/div>\n<\/div>\n<\/div>\n<\/div>\n","protected":false},"excerpt":{"rendered":"<p>Hjem Logg inn Handlekurv 20 \u00e5r med alkovett i lokalsamfunnet Denne artikkelen ble skrevet i anledning kommunesamarbeidets 20-\u00e5rsjubileum i 2023. [&hellip;]<\/p>\n","protected":false},"author":1,"featured_media":963,"parent":0,"menu_order":0,"comment_status":"closed","ping_status":"open","template":"","meta":{"_acf_changed":false,"t2_hide_was_this_helpful":true,"page_is_public":true,"footnotes":""},"class_list":["post-2","page","type-page","status-publish","has-post-thumbnail","hentry"],"acf":[],"yoast_head":"<!-- This site is optimized with the Yoast SEO Premium plugin v26.9 (Yoast SEO v26.9) - https:\/\/yoast.com\/product\/yoast-seo-premium-wordpress\/ -->\n<title>20 \u00e5r med alkovett i lokalsamfunnet - Av-og-til lokalt<\/title>\n<meta name=\"robots\" content=\"index, follow, max-snippet:-1, max-image-preview:large, max-video-preview:-1\" \/>\n<link rel=\"canonical\" href=\"https:\/\/avogtil.no\/lokalt\/20-ars-jubileum\/\" \/>\n<meta property=\"og:locale\" content=\"nb_NO\" \/>\n<meta property=\"og:type\" content=\"article\" \/>\n<meta property=\"og:title\" content=\"20 \u00e5r med alkovett i lokalsamfunnet\" \/>\n<meta property=\"og:description\" content=\"Hjem Logg inn Handlekurv 20 \u00e5r med alkovett i lokalsamfunnet Denne artikkelen ble skrevet i anledning kommunesamarbeidets 20-\u00e5rsjubileum i 2023. [&hellip;]\" \/>\n<meta property=\"og:url\" content=\"https:\/\/avogtil.no\/lokalt\/20-ars-jubileum\/\" \/>\n<meta property=\"og:site_name\" content=\"Av-og-til lokalt\" \/>\n<meta property=\"article:modified_time\" content=\"2026-02-18T12:56:44+00:00\" \/>\n<meta property=\"og:image\" content=\"https:\/\/avogtil.no\/content\/uploads\/sites\/2\/2026\/02\/energikonferanse-21.jpg\" \/>\n\t<meta property=\"og:image:width\" content=\"1620\" \/>\n\t<meta property=\"og:image:height\" content=\"978\" \/>\n\t<meta property=\"og:image:type\" content=\"image\/jpeg\" \/>\n<meta name=\"twitter:card\" content=\"summary_large_image\" \/>\n<meta name=\"twitter:label1\" content=\"Ansl. lesetid\" \/>\n\t<meta name=\"twitter:data1\" content=\"7 minutter\" \/>\n<script type=\"application\/ld+json\" class=\"yoast-schema-graph\">{\"@context\":\"https:\/\/schema.org\",\"@graph\":[{\"@type\":\"WebPage\",\"@id\":\"https:\/\/avogtil.no\/lokalt\/20-ars-jubileum\/\",\"url\":\"https:\/\/avogtil.no\/lokalt\/20-ars-jubileum\/\",\"name\":\"20 \u00e5r med alkovett i lokalsamfunnet - Av-og-til lokalt\",\"isPartOf\":{\"@id\":\"https:\/\/avogtil.no\/lokalt\/#website\"},\"primaryImageOfPage\":{\"@id\":\"https:\/\/avogtil.no\/lokalt\/20-ars-jubileum\/#primaryimage\"},\"image\":{\"@id\":\"https:\/\/avogtil.no\/lokalt\/20-ars-jubileum\/#primaryimage\"},\"thumbnailUrl\":\"https:\/\/avogtil.no\/content\/uploads\/sites\/2\/2026\/02\/energikonferanse-21.jpg\",\"datePublished\":\"2025-10-09T08:05:23+00:00\",\"dateModified\":\"2026-02-18T12:56:44+00:00\",\"breadcrumb\":{\"@id\":\"https:\/\/avogtil.no\/lokalt\/20-ars-jubileum\/#breadcrumb\"},\"inLanguage\":\"nb-NO\",\"potentialAction\":[{\"@type\":\"ReadAction\",\"target\":[\"https:\/\/avogtil.no\/lokalt\/20-ars-jubileum\/\"]}]},{\"@type\":\"ImageObject\",\"inLanguage\":\"nb-NO\",\"@id\":\"https:\/\/avogtil.no\/lokalt\/20-ars-jubileum\/#primaryimage\",\"url\":\"https:\/\/avogtil.no\/content\/uploads\/sites\/2\/2026\/02\/energikonferanse-21.jpg\",\"contentUrl\":\"https:\/\/avogtil.no\/content\/uploads\/sites\/2\/2026\/02\/energikonferanse-21.jpg\",\"width\":1620,\"height\":978},{\"@type\":\"BreadcrumbList\",\"@id\":\"https:\/\/avogtil.no\/lokalt\/20-ars-jubileum\/#breadcrumb\",\"itemListElement\":[{\"@type\":\"ListItem\",\"position\":1,\"name\":\"Hjem\",\"item\":\"https:\/\/avogtil.no\/lokalt\/\"},{\"@type\":\"ListItem\",\"position\":2,\"name\":\"20 \u00e5r med alkovett i lokalsamfunnet\"}]},{\"@type\":\"WebSite\",\"@id\":\"https:\/\/avogtil.no\/lokalt\/#website\",\"url\":\"https:\/\/avogtil.no\/lokalt\/\",\"name\":\"Avogtil nettbutikk\",\"description\":\"\",\"publisher\":{\"@id\":\"https:\/\/avogtil.no\/lokalt\/#organization\"},\"potentialAction\":[{\"@type\":\"SearchAction\",\"target\":{\"@type\":\"EntryPoint\",\"urlTemplate\":\"https:\/\/avogtil.no\/lokalt\/?s={search_term_string}\"},\"query-input\":{\"@type\":\"PropertyValueSpecification\",\"valueRequired\":true,\"valueName\":\"search_term_string\"}}],\"inLanguage\":\"nb-NO\"},{\"@type\":\"Organization\",\"@id\":\"https:\/\/avogtil.no\/lokalt\/#organization\",\"name\":\"Avogtil nettbutikk\",\"url\":\"https:\/\/avogtil.no\/lokalt\/\",\"logo\":{\"@type\":\"ImageObject\",\"inLanguage\":\"nb-NO\",\"@id\":\"https:\/\/avogtil.no\/lokalt\/#\/schema\/logo\/image\/\",\"url\":\"https:\/\/avogtil.no\/content\/uploads\/sites\/2\/2025\/10\/avogtil-logo.svg\",\"contentUrl\":\"https:\/\/avogtil.no\/content\/uploads\/sites\/2\/2025\/10\/avogtil-logo.svg\",\"caption\":\"Avogtil nettbutikk\"},\"image\":{\"@id\":\"https:\/\/avogtil.no\/lokalt\/#\/schema\/logo\/image\/\"}}]}<\/script>\n<!-- \/ Yoast SEO Premium plugin. -->","yoast_head_json":{"title":"20 \u00e5r med alkovett i lokalsamfunnet - Av-og-til lokalt","robots":{"index":"index","follow":"follow","max-snippet":"max-snippet:-1","max-image-preview":"max-image-preview:large","max-video-preview":"max-video-preview:-1"},"canonical":"https:\/\/avogtil.no\/lokalt\/20-ars-jubileum\/","og_locale":"nb_NO","og_type":"article","og_title":"20 \u00e5r med alkovett i lokalsamfunnet","og_description":"Hjem Logg inn Handlekurv 20 \u00e5r med alkovett i lokalsamfunnet Denne artikkelen ble skrevet i anledning kommunesamarbeidets 20-\u00e5rsjubileum i 2023. [&hellip;]","og_url":"https:\/\/avogtil.no\/lokalt\/20-ars-jubileum\/","og_site_name":"Av-og-til lokalt","article_modified_time":"2026-02-18T12:56:44+00:00","og_image":[{"width":1620,"height":978,"url":"https:\/\/avogtil.no\/content\/uploads\/sites\/2\/2026\/02\/energikonferanse-21.jpg","type":"image\/jpeg"}],"twitter_card":"summary_large_image","twitter_misc":{"Ansl. lesetid":"7 minutter"},"schema":{"@context":"https:\/\/schema.org","@graph":[{"@type":"WebPage","@id":"https:\/\/avogtil.no\/lokalt\/20-ars-jubileum\/","url":"https:\/\/avogtil.no\/lokalt\/20-ars-jubileum\/","name":"20 \u00e5r med alkovett i lokalsamfunnet - Av-og-til lokalt","isPartOf":{"@id":"https:\/\/avogtil.no\/lokalt\/#website"},"primaryImageOfPage":{"@id":"https:\/\/avogtil.no\/lokalt\/20-ars-jubileum\/#primaryimage"},"image":{"@id":"https:\/\/avogtil.no\/lokalt\/20-ars-jubileum\/#primaryimage"},"thumbnailUrl":"https:\/\/avogtil.no\/content\/uploads\/sites\/2\/2026\/02\/energikonferanse-21.jpg","datePublished":"2025-10-09T08:05:23+00:00","dateModified":"2026-02-18T12:56:44+00:00","breadcrumb":{"@id":"https:\/\/avogtil.no\/lokalt\/20-ars-jubileum\/#breadcrumb"},"inLanguage":"nb-NO","potentialAction":[{"@type":"ReadAction","target":["https:\/\/avogtil.no\/lokalt\/20-ars-jubileum\/"]}]},{"@type":"ImageObject","inLanguage":"nb-NO","@id":"https:\/\/avogtil.no\/lokalt\/20-ars-jubileum\/#primaryimage","url":"https:\/\/avogtil.no\/content\/uploads\/sites\/2\/2026\/02\/energikonferanse-21.jpg","contentUrl":"https:\/\/avogtil.no\/content\/uploads\/sites\/2\/2026\/02\/energikonferanse-21.jpg","width":1620,"height":978},{"@type":"BreadcrumbList","@id":"https:\/\/avogtil.no\/lokalt\/20-ars-jubileum\/#breadcrumb","itemListElement":[{"@type":"ListItem","position":1,"name":"Hjem","item":"https:\/\/avogtil.no\/lokalt\/"},{"@type":"ListItem","position":2,"name":"20 \u00e5r med alkovett i lokalsamfunnet"}]},{"@type":"WebSite","@id":"https:\/\/avogtil.no\/lokalt\/#website","url":"https:\/\/avogtil.no\/lokalt\/","name":"Avogtil nettbutikk","description":"","publisher":{"@id":"https:\/\/avogtil.no\/lokalt\/#organization"},"potentialAction":[{"@type":"SearchAction","target":{"@type":"EntryPoint","urlTemplate":"https:\/\/avogtil.no\/lokalt\/?s={search_term_string}"},"query-input":{"@type":"PropertyValueSpecification","valueRequired":true,"valueName":"search_term_string"}}],"inLanguage":"nb-NO"},{"@type":"Organization","@id":"https:\/\/avogtil.no\/lokalt\/#organization","name":"Avogtil nettbutikk","url":"https:\/\/avogtil.no\/lokalt\/","logo":{"@type":"ImageObject","inLanguage":"nb-NO","@id":"https:\/\/avogtil.no\/lokalt\/#\/schema\/logo\/image\/","url":"https:\/\/avogtil.no\/content\/uploads\/sites\/2\/2025\/10\/avogtil-logo.svg","contentUrl":"https:\/\/avogtil.no\/content\/uploads\/sites\/2\/2025\/10\/avogtil-logo.svg","caption":"Avogtil nettbutikk"},"image":{"@id":"https:\/\/avogtil.no\/lokalt\/#\/schema\/logo\/image\/"}}]}},"_links":{"self":[{"href":"https:\/\/avogtil.no\/lokalt\/wp-json\/wp\/v2\/pages\/2","targetHints":{"allow":["GET"]}}],"collection":[{"href":"https:\/\/avogtil.no\/lokalt\/wp-json\/wp\/v2\/pages"}],"about":[{"href":"https:\/\/avogtil.no\/lokalt\/wp-json\/wp\/v2\/types\/page"}],"author":[{"embeddable":true,"href":"https:\/\/avogtil.no\/lokalt\/wp-json\/wp\/v2\/users\/1"}],"replies":[{"embeddable":true,"href":"https:\/\/avogtil.no\/lokalt\/wp-json\/wp\/v2\/comments?post=2"}],"version-history":[{"count":5,"href":"https:\/\/avogtil.no\/lokalt\/wp-json\/wp\/v2\/pages\/2\/revisions"}],"predecessor-version":[{"id":1281,"href":"https:\/\/avogtil.no\/lokalt\/wp-json\/wp\/v2\/pages\/2\/revisions\/1281"}],"wp:featuredmedia":[{"embeddable":true,"href":"https:\/\/avogtil.no\/lokalt\/wp-json\/wp\/v2\/media\/963"}],"wp:attachment":[{"href":"https:\/\/avogtil.no\/lokalt\/wp-json\/wp\/v2\/media?parent=2"}],"curies":[{"name":"wp","href":"https:\/\/api.w.org\/{rel}","templated":true}]}}